{"id":743,"date":"2025-01-09T08:56:10","date_gmt":"2025-01-09T07:56:10","guid":{"rendered":"https:\/\/feniks.nfz.gov.pl\/?page_id=743"},"modified":"2026-03-12T12:22:05","modified_gmt":"2026-03-12T12:22:05","slug":"faq","status":"publish","type":"page","link":"https:\/\/feniks.nfz.gov.pl\/index.php\/faq\/","title":{"rendered":"Najcz\u0119\u015bciej zadawane pytania i odpowiedzi"},"content":{"rendered":"\n<div style=\"height:25px\" aria-hidden=\"true\" class=\"wp-block-spacer\"><\/div>\n\n\n\n<h1 class=\"wp-block-heading\" style=\"margin-bottom:var(--wp--preset--spacing--40)\">Sk\u0142adanie wniosku<\/h1>\n\n\n\n<style>#sp-ea-3336 .spcollapsing { height: 0; overflow: hidden; transition-property: height;transition-duration: 300ms;}#sp-ea-3336.sp-easy-accordion>.sp-ea-single {margin-bottom: 15px; border: 2px solid #bfe2ff; }#sp-ea-3336.sp-easy-accordion>.sp-ea-single>.ea-header a {color: #000000;}#sp-ea-3336.sp-easy-accordion>.sp-ea-single>.sp-collapse>.ea-body {background: #fff; color: #000000;}#sp-ea-3336.sp-easy-accordion>.sp-ea-single {background: #ffffff;}#sp-ea-3336.sp-easy-accordion>.sp-ea-single>.ea-header a .ea-expand-icon { float: left; color: #0076d1;font-size: 16px;}<\/style><div id=\"sp_easy_accordion-1772186780\"><div id=\"sp-ea-3336\" class=\"sp-ea-one sp-easy-accordion\" data-ea-active=\"ea-click\" data-ea-mode=\"vertical\" data-preloader=\"\" data-scroll-active-item=\"\" data-offset-to-scroll=\"0\"><div class=\"ea-card ea-expand sp-ea-single\"><h3 class=\"ea-header\"><a class=\"collapsed\" id=\"ea-header-33360\" role=\"button\" data-sptoggle=\"spcollapse\" data-sptarget=\"#collapse33360\" aria-controls=\"collapse33360\" href=\"#\" aria-expanded=\"true\" tabindex=\"0\"><i aria-hidden=\"true\" role=\"presentation\" class=\"ea-expand-icon eap-icon-ea-expand-minus\"><\/i> Kiedy odb\u0119dzie si\u0119 kolejny nab\u00f3r wniosk\u00f3w?<\/a><\/h3><div class=\"sp-collapse spcollapse collapsed show\" id=\"collapse33360\" data-parent=\"#sp-ea-3336\" role=\"region\" aria-labelledby=\"ea-header-33360\"> <div class=\"ea-body\">Narodowy Fundusz Zdrowia ka\u017cdorazowo zobowi\u0105zany jest do informowania z wyprzedzeniem o og\u0142oszeniu naboru wniosk\u00f3w do projektu grantowego. Nabory wniosk\u00f3w grantowych:<ul> <li>Pierwszy nab\u00f3r zosta\u0142 przeprowadzony w 2024 r.<\/li> <li><strong>Drugi nab\u00f3r trwa\u0107 b\u0119dzie od 6 marca do 7 kwietnia 2026 r.<\/strong><\/li> <li>Trzeci nab\u00f3r zostanie og\u0142oszony w 2026 lub 2027 r.<\/li> <li>Czwarty nab\u00f3r zostanie og\u0142oszony o ile zostan\u0105 \u015brodki finansowe na realizacj\u0119 grant\u00f3w<\/li><\/ul><\/div><\/div><\/div><div class=\"ea-card sp-ea-single\"><h3 class=\"ea-header\"><a class=\"collapsed\" id=\"ea-header-33361\" role=\"button\" data-sptoggle=\"spcollapse\" data-sptarget=\"#collapse33361\" aria-controls=\"collapse33361\" href=\"#\" aria-expanded=\"false\" tabindex=\"0\"><i aria-hidden=\"true\" role=\"presentation\" class=\"ea-expand-icon eap-icon-ea-expand-plus\"><\/i> Jaki jest adres strony na kt\u00f3rej mog\u0119 utworzy\u0107 wniosek?<\/a><\/h3><div class=\"sp-collapse spcollapse \" id=\"collapse33361\" data-parent=\"#sp-ea-3336\" role=\"region\" aria-labelledby=\"ea-header-33361\"> <div class=\"ea-body\">granty.nfz.gov.pl. Aplikacja uruchomi si\u0119 6 marca o godz. 10:00<\/div><\/div><\/div><div class=\"ea-card sp-ea-single\"><h3 class=\"ea-header\"><a class=\"collapsed\" id=\"ea-header-33362\" role=\"button\" data-sptoggle=\"spcollapse\" data-sptarget=\"#collapse33362\" aria-controls=\"collapse33362\" href=\"#\" aria-expanded=\"false\" tabindex=\"0\"><i aria-hidden=\"true\" role=\"presentation\" class=\"ea-expand-icon eap-icon-ea-expand-plus\"><\/i> Czy kolejno\u015b\u0107 z\u0142o\u017cenia wniosku ma znaczenie?<\/a><\/h3><div class=\"sp-collapse spcollapse \" id=\"collapse33362\" data-parent=\"#sp-ea-3336\" role=\"region\" aria-labelledby=\"ea-header-33362\"> <div class=\"ea-body\">Nie ma.<\/div><\/div><\/div><div class=\"ea-card sp-ea-single\"><h3 class=\"ea-header\"><a class=\"collapsed\" id=\"ea-header-33363\" role=\"button\" data-sptoggle=\"spcollapse\" data-sptarget=\"#collapse33363\" aria-controls=\"collapse33363\" href=\"#\" aria-expanded=\"false\" tabindex=\"0\"><i aria-hidden=\"true\" role=\"presentation\" class=\"ea-expand-icon eap-icon-ea-expand-plus\"><\/i> Gdzie mog\u0119 szuka\u0107 dokument\u00f3w potrzebnych przy sk\u0142adaniu wniosku?<\/a><\/h3><div class=\"sp-collapse spcollapse \" id=\"collapse33363\" data-parent=\"#sp-ea-3336\" role=\"region\" aria-labelledby=\"ea-header-33363\"> <div class=\"ea-body\">Niniejsza strona, <a href=\"https:\/\/feniks.nfz.gov.pl\/index.php\/procedura-od-20-02-2026-aktualna\/\">Procedura od 20.02.2026 \u2013 aktualna<\/a><\/div><\/div><\/div><div class=\"ea-card sp-ea-single\"><h3 class=\"ea-header\"><a class=\"collapsed\" id=\"ea-header-33364\" role=\"button\" data-sptoggle=\"spcollapse\" data-sptarget=\"#collapse33364\" aria-controls=\"collapse33364\" href=\"#\" aria-expanded=\"false\" tabindex=\"0\"><i aria-hidden=\"true\" role=\"presentation\" class=\"ea-expand-icon eap-icon-ea-expand-plus\"><\/i> Czy Wnioskuj\u0105cy otrzyma potwierdzenie dostarczenia Wniosku?<\/a><\/h3><div class=\"sp-collapse spcollapse \" id=\"collapse33364\" data-parent=\"#sp-ea-3336\" role=\"region\" aria-labelledby=\"ea-header-33364\"> <div class=\"ea-body\"><span data-teams=\"true\">Tak, na adres e-mail uprawnionej osoby wskazanej w p. 2.9 wniosku, zostanie wys\u0142ane potwierdzenie wp\u0142yni\u0119cia Wniosku do Centrali NFZ.\u00a0<\/span><\/div><\/div><\/div><div class=\"ea-card sp-ea-single\"><h3 class=\"ea-header\"><a class=\"collapsed\" id=\"ea-header-33365\" role=\"button\" data-sptoggle=\"spcollapse\" data-sptarget=\"#collapse33365\" aria-controls=\"collapse33365\" href=\"#\" aria-expanded=\"false\" tabindex=\"0\"><i aria-hidden=\"true\" role=\"presentation\" class=\"ea-expand-icon eap-icon-ea-expand-plus\"><\/i> Czy kwota 200 tys. Euro odnosi si\u0119 do sumy ze wszystkich nabor\u00f3w?<\/a><\/h3><div class=\"sp-collapse spcollapse \" id=\"collapse33365\" data-parent=\"#sp-ea-3336\" role=\"region\" aria-labelledby=\"ea-header-33365\"> <div class=\"ea-body\">Tak.<\/div><\/div><\/div><div class=\"ea-card sp-ea-single\"><h3 class=\"ea-header\"><a class=\"collapsed\" id=\"ea-header-33366\" role=\"button\" data-sptoggle=\"spcollapse\" data-sptarget=\"#collapse33366\" aria-controls=\"collapse33366\" href=\"#\" aria-expanded=\"false\" tabindex=\"0\"><i aria-hidden=\"true\" role=\"presentation\" class=\"ea-expand-icon eap-icon-ea-expand-plus\"><\/i> Czy wszystkie trzy kategorie wydatk\u00f3w s\u0105 wymagane? Czy mog\u0119 kupi\u0107 wy\u0142\u0105cznie sprz\u0119t IT?<\/a><\/h3><div class=\"sp-collapse spcollapse \" id=\"collapse33366\" data-parent=\"#sp-ea-3336\" role=\"region\" aria-labelledby=\"ea-header-33366\"> <div class=\"ea-body\">Realizacja wszystkich kategorii nie jest wymagana, jednak 100% wydatk\u00f3w nie mo\u017ce stanowi\u0107 sprz\u0119t serwerowo-sieciowy, komputerowy lub oprogramowanie teleinformacyjne.<\/div><\/div><\/div><div class=\"ea-card sp-ea-single\"><h3 class=\"ea-header\"><a class=\"collapsed\" id=\"ea-header-33367\" role=\"button\" data-sptoggle=\"spcollapse\" data-sptarget=\"#collapse33367\" aria-controls=\"collapse33367\" href=\"#\" aria-expanded=\"false\" tabindex=\"0\"><i aria-hidden=\"true\" role=\"presentation\" class=\"ea-expand-icon eap-icon-ea-expand-plus\"><\/i> Czy prowadzenie opieki koordynowanej jest obligatoryjne przy sk\u0142adaniu wniosku?<\/a><\/h3><div class=\"sp-collapse spcollapse \" id=\"collapse33367\" data-parent=\"#sp-ea-3336\" role=\"region\" aria-labelledby=\"ea-header-33367\"> <div class=\"ea-body\">Nie, jest tylko dodatkowo punktowane.<\/div><\/div><\/div><div class=\"ea-card sp-ea-single\"><h3 class=\"ea-header\"><a class=\"collapsed\" id=\"ea-header-33368\" role=\"button\" data-sptoggle=\"spcollapse\" data-sptarget=\"#collapse33368\" aria-controls=\"collapse33368\" href=\"#\" aria-expanded=\"false\" tabindex=\"0\"><i aria-hidden=\"true\" role=\"presentation\" class=\"ea-expand-icon eap-icon-ea-expand-plus\"><\/i> Mam g\u0142\u00f3wny POZ i filie w jednej gminie. Czy mog\u0119 z\u0142o\u017cy\u0107 wniosek o g\u0142\u00f3wn\u0105 plac\u00f3wk\u0119 i filie? Czy pacjent\u00f3w filii mog\u0119 dopisa\u0107 do g\u0142\u00f3wnego miejsca, gdzie b\u0119dziemy stara\u0107 si\u0119 o dofinansowanie?<\/a><\/h3><div class=\"sp-collapse spcollapse \" id=\"collapse33368\" data-parent=\"#sp-ea-3336\" role=\"region\" aria-labelledby=\"ea-header-33368\"> <div class=\"ea-body\">Wniosek mo\u017ce by\u0107 z\u0142o\u017cony wy\u0142\u0105cznie na g\u0142\u00f3wny MU\u015a, natomiast mo\u017cna do liczby pacjent\u00f3w dopisa\u0107 pacjent\u00f3w z filii.<\/div><\/div><\/div><div class=\"ea-card sp-ea-single\"><h3 class=\"ea-header\"><a class=\"collapsed\" id=\"ea-header-33369\" role=\"button\" data-sptoggle=\"spcollapse\" data-sptarget=\"#collapse33369\" aria-controls=\"collapse33369\" href=\"#\" aria-expanded=\"false\" tabindex=\"0\"><i aria-hidden=\"true\" role=\"presentation\" class=\"ea-expand-icon eap-icon-ea-expand-plus\"><\/i> Jak przebiega\u0107 b\u0119dzie wype\u0142nianie i sk\u0142adanie wniosk\u00f3w o udzielanie grantu?<\/a><\/h3><div class=\"sp-collapse spcollapse \" id=\"collapse33369\" data-parent=\"#sp-ea-3336\" role=\"region\" aria-labelledby=\"ea-header-33369\"> <div class=\"ea-body\">Wniosek o powierzenie grantu nale\u017cy wype\u0142ni\u0107 w formie elektronicznej w dedykowanej aplikacji online i pobra\u0107 po prawid\u0142owym uzupe\u0142nieniu. Wniosek oraz za\u0142\u0105czniki do wniosku (z wy\u0142\u0105czeniem pe\u0142nomocnictwa lub dokumentu potwierdzaj\u0105cego uprawnienie Wnioskodawcy, np. KRS) musz\u0105 zosta\u0107 podpisane podpisem elektronicznym weryfikowanym za pomoc\u0105 wa\u017cnego kwalifikowanego certyfikatu przez osob\u0119 uprawnion\u0105 do reprezentowania Wnioskodawcy.W przypadku braku posiadania kwalifikowanego podpisu elektronicznego Wnioskodawca mo\u017ce podpisa\u0107 wniosek oraz za\u0142\u0105czniki do wniosku (z wy\u0142\u0105czeniem pe\u0142nomocnictwa) podpisem zaufanym, podpisem osobistym, tj. zaawansowanym podpisem elektronicznym.Za\u0142\u0105czniki do Wniosku wype\u0142niane s\u0105 poza aplikacj\u0105 zg\u0142oszeniow\u0105.<\/div><\/div><\/div><div class=\"ea-card sp-ea-single\"><h3 class=\"ea-header\"><a class=\"collapsed\" id=\"ea-header-333610\" role=\"button\" data-sptoggle=\"spcollapse\" data-sptarget=\"#collapse333610\" aria-controls=\"collapse333610\" href=\"#\" aria-expanded=\"false\" tabindex=\"0\"><i aria-hidden=\"true\" role=\"presentation\" class=\"ea-expand-icon eap-icon-ea-expand-plus\"><\/i> Gdzie znajd\u0119 zakres rzeczowy grantu?<\/a><\/h3><div class=\"sp-collapse spcollapse \" id=\"collapse333610\" data-parent=\"#sp-ea-3336\" role=\"region\" aria-labelledby=\"ea-header-333610\"> <div class=\"ea-body\">Niniejsza strona, procedura grantowa -&gt; za\u0142\u0105cznik nr 1 do Procedury \u2013 Zestawienie zakresu rzeczowego.<\/div><\/div><\/div><div class=\"ea-card sp-ea-single\"><h3 class=\"ea-header\"><a class=\"collapsed\" id=\"ea-header-333611\" role=\"button\" data-sptoggle=\"spcollapse\" data-sptarget=\"#collapse333611\" aria-controls=\"collapse333611\" href=\"#\" aria-expanded=\"false\" tabindex=\"0\"><i aria-hidden=\"true\" role=\"presentation\" class=\"ea-expand-icon eap-icon-ea-expand-plus\"><\/i> Czy na etapie sk\u0142adania wniosku mog\u0119 ju\u017c za\u0142o\u017cy\u0107 \u017ce cz\u0119\u015b\u0107 sprz\u0119tu chce zakupi\u0107 w formie dotacji a pozosta\u0142a w formie refundacji?<\/a><\/h3><div class=\"sp-collapse spcollapse \" id=\"collapse333611\" data-parent=\"#sp-ea-3336\" role=\"region\" aria-labelledby=\"ea-header-333611\"> <div class=\"ea-body\">W za\u0142\u0105czniku do wniosku ( HRP) nale\u017cy wskaza\u0107 jaki sprz\u0119t w jakiej formie chc\u0105 Pa\u0144stwo sfinansowa\u0107.<\/div><\/div><\/div><div class=\"ea-card sp-ea-single\"><h3 class=\"ea-header\"><a class=\"collapsed\" id=\"ea-header-333612\" role=\"button\" data-sptoggle=\"spcollapse\" data-sptarget=\"#collapse333612\" aria-controls=\"collapse333612\" href=\"#\" aria-expanded=\"false\" tabindex=\"0\"><i aria-hidden=\"true\" role=\"presentation\" class=\"ea-expand-icon eap-icon-ea-expand-plus\"><\/i> Maksymalna kwota wsparcia to 200 tys. Euro \u2013 jaki kurs nale\u017cy przyj\u0105\u0107?<\/a><\/h3><div class=\"sp-collapse spcollapse \" id=\"collapse333612\" data-parent=\"#sp-ea-3336\" role=\"region\" aria-labelledby=\"ea-header-333612\"> <div class=\"ea-body\">Warto\u015b\u0107 przelicza si\u0119 wed\u0142ug miesi\u0119cznego obrachunkowego kursu wymiany waluty stosowanego przez KE, aktualnego na dzie\u0144 og\u0142oszenia naboru przez beneficjenta \u2013 dla 6 sierpnia 2024 r. ta warto\u015b\u0107 wynosi\u0142a 4.2838, natomiast dla 20 lutego 2026 jest to 4.2033 z\u0142.<\/div><\/div><\/div><div class=\"ea-card sp-ea-single\"><h3 class=\"ea-header\"><a class=\"collapsed\" id=\"ea-header-333613\" role=\"button\" data-sptoggle=\"spcollapse\" data-sptarget=\"#collapse333613\" aria-controls=\"collapse333613\" href=\"#\" aria-expanded=\"false\" tabindex=\"0\"><i aria-hidden=\"true\" role=\"presentation\" class=\"ea-expand-icon eap-icon-ea-expand-plus\"><\/i> Czy maksymalna wysoko\u015b\u0107 grantu r\u00f3\u017cni si\u0119 w zale\u017cno\u015bci od rocznej liczby pacjent\u00f3w?<\/a><\/h3><div class=\"sp-collapse spcollapse \" id=\"collapse333613\" data-parent=\"#sp-ea-3336\" role=\"region\" aria-labelledby=\"ea-header-333613\"> <div class=\"ea-body\">Tak, istnieje podzia\u0142 na 4 grupy:<ul> <li>Grupa I \u2013 do 5 000 pacjent\u00f3w na li\u015bcie aktywnej \u2013 wysoko\u015b\u0107 grantu do 300 000,00z\u0142;<\/li> <li>Grupa II \u2013 od 5 001 do 10 000 pacjent\u00f3w na li\u015bcie aktywnej \u2013 wysoko\u015b\u0107 grantu do 450 000,00 z\u0142;<\/li> <li>Grupa III \u2013 powy\u017cej 10 001 pacjent\u00f3w na li\u015bcie aktywnej \u2013 wysoko\u015b\u0107 grantu do 600 000,00 z\u0142.<\/li> <li>Grupa IV \u2013 (wy\u0142\u0105cznie podmioty poszkodowane w powodzi) niezale\u017cnie od liczby pacjent\u00f3w na li\u015bcie aktywnej \u2013 do r\u00f3wnowarto\u015bci w z\u0142otych 200 tys. Euro. Wed\u0142ug kursu EUR podanego na stronie internetowej Projektu grantowego<\/li><\/ul><\/div><\/div><\/div><div class=\"ea-card sp-ea-single\"><h3 class=\"ea-header\"><a class=\"collapsed\" id=\"ea-header-333614\" role=\"button\" data-sptoggle=\"spcollapse\" data-sptarget=\"#collapse333614\" aria-controls=\"collapse333614\" href=\"#\" aria-expanded=\"false\" tabindex=\"0\"><i aria-hidden=\"true\" role=\"presentation\" class=\"ea-expand-icon eap-icon-ea-expand-plus\"><\/i> Czy Wnioskodawca posiadaj\u0105cy kilka miejsc \u015bwiadcze\u0144 czy mo\u017ce z\u0142o\u017cy\u0107 wniosek dla ka\u017cdego z nich?<\/a><\/h3><div class=\"sp-collapse spcollapse \" id=\"collapse333614\" data-parent=\"#sp-ea-3336\" role=\"region\" aria-labelledby=\"ea-header-333614\"> <div class=\"ea-body\">Wnioskodawca mo\u017ce z\u0142o\u017cy\u0107 jeden Wniosek na jedno miejsce udzielania \u015bwiadcze\u0144 w danej gminie w ramach jednego naboru. W przypadku kilku miejsc udzielania \u015bwiadcze\u0144 w jednej gminie, Wnioskodawca mo\u017ce z\u0142o\u017cy\u0107 Wniosek na jedno wybrane miejsce udzielania \u015bwiadcze\u0144. Dopuszcza si\u0119 z\u0142o\u017cenie przez Wnioskodawc\u0119 kilku Wniosk\u00f3w w ramach jednego naboru, po jednym na ka\u017cde z miejsc udzielania \u015bwiadcze\u0144 z osobna, je\u017celi s\u0105 one po\u0142o\u017cone w r\u00f3\u017cnych gminach.Limit dofinansowania to 200 000 EUR na wszystkie miejsca udzielania \u015bwiadcze\u0144.<\/div><\/div><\/div><div class=\"ea-card sp-ea-single\"><h3 class=\"ea-header\"><a class=\"collapsed\" id=\"ea-header-333615\" role=\"button\" data-sptoggle=\"spcollapse\" data-sptarget=\"#collapse333615\" aria-controls=\"collapse333615\" href=\"#\" aria-expanded=\"false\" tabindex=\"0\"><i aria-hidden=\"true\" role=\"presentation\" class=\"ea-expand-icon eap-icon-ea-expand-plus\"><\/i> Czy Wnioskodawca mo\u017ce wnioskowa\u0107 o przyznanie grantu na zakup wi\u0119cej ni\u017c jednej sztuki danego sprz\u0119tu?<\/a><\/h3><div class=\"sp-collapse spcollapse \" id=\"collapse333615\" data-parent=\"#sp-ea-3336\" role=\"region\" aria-labelledby=\"ea-header-333615\"> <div class=\"ea-body\">Tak, dopuszcza si\u0119 mo\u017cliwo\u015b\u0107 z\u0142o\u017cenia wniosku w zakresie rzeczowym zawieraj\u0105cym wi\u0119cej ni\u017c jedn\u0105 sztuk\u0119 sprz\u0119tu kt\u00f3ry zosta\u0142 wymieniony w Zestawieniu zakresu rzeczowego.Ka\u017cdy zakup powinien by\u0107 celowy i odpowiada\u0107 realnym potrzebom Wnioskuj\u0105cego.<\/div><\/div><\/div><div class=\"ea-card sp-ea-single\"><h3 class=\"ea-header\"><a class=\"collapsed\" id=\"ea-header-333616\" role=\"button\" data-sptoggle=\"spcollapse\" data-sptarget=\"#collapse333616\" aria-controls=\"collapse333616\" href=\"#\" aria-expanded=\"false\" tabindex=\"0\"><i aria-hidden=\"true\" role=\"presentation\" class=\"ea-expand-icon eap-icon-ea-expand-plus\"><\/i> Co powinno zosta\u0107 zawarte w za\u0142\u0105czniku 3 do wniosku (Informacja na temat dzia\u0142a\u0144, kt\u00f3re Wnioskodawca realizuje\/przewiduje do realizacji, a kt\u00f3re s\u0105 komplementarne do innych projekt\u00f3w finansowanych ze \u015brodk\u00f3w UE (r\u00f3wnie\u017c realizowanych we wcze\u015bniejszych okresach programowania), ze \u015brodk\u00f3w krajowych lub innych \u017ar\u00f3de\u0142)?<\/a><\/h3><div class=\"sp-collapse spcollapse \" id=\"collapse333616\" data-parent=\"#sp-ea-3336\" role=\"region\" aria-labelledby=\"ea-header-333616\"> <div class=\"ea-body\">Informacje na temat dzia\u0142a\u0144, kt\u00f3re Wnioskodawca realizuje lub\/i planuje realizowa\u0107, a kt\u00f3re s\u0105 komplementarne do innych projekt\u00f3w finansowanych ze \u015brodk\u00f3w UE, ze \u015brodk\u00f3w krajowych lub innych \u017ar\u00f3de\u0142. Grantodawca nie udost\u0119pni\u0142 wzoru tego za\u0142\u0105cznika.<\/div><\/div><\/div><div class=\"ea-card sp-ea-single\"><h3 class=\"ea-header\"><a class=\"collapsed\" id=\"ea-header-333617\" role=\"button\" data-sptoggle=\"spcollapse\" data-sptarget=\"#collapse333617\" aria-controls=\"collapse333617\" href=\"#\" aria-expanded=\"false\" tabindex=\"0\"><i aria-hidden=\"true\" role=\"presentation\" class=\"ea-expand-icon eap-icon-ea-expand-plus\"><\/i> Co powinno zosta\u0107 zawarte w za\u0142\u0105czniku 4 do wniosku (Plan dzia\u0142a\u0144 edukacyjnych i informacyjnych w zakresie dzia\u0142a\u0144 antydyskryminacyjnych)?<\/a><\/h3><div class=\"sp-collapse spcollapse \" id=\"collapse333617\" data-parent=\"#sp-ea-3336\" role=\"region\" aria-labelledby=\"ea-header-333617\"> <div class=\"ea-body\">W dokumencie , nale\u017cy przedstawi\u0107 plan dzia\u0142a\u0144 edukacyjnych i informacyjnych w zakresie dzia\u0142a\u0144 antydyskryminacyjnych. Za\u0142\u0105cznik powinien zawiera\u0107 cel dzia\u0142ania oraz og\u00f3lne dzia\u0142ania wykonywane w tym zakresie. Grantodawca nie udost\u0119pni\u0142 wzoru tego za\u0142\u0105cznika.<\/div><\/div><\/div><div class=\"ea-card sp-ea-single\"><h3 class=\"ea-header\"><a class=\"collapsed\" id=\"ea-header-333618\" role=\"button\" data-sptoggle=\"spcollapse\" data-sptarget=\"#collapse333618\" aria-controls=\"collapse333618\" href=\"#\" aria-expanded=\"false\" tabindex=\"0\"><i aria-hidden=\"true\" role=\"presentation\" class=\"ea-expand-icon eap-icon-ea-expand-plus\"><\/i> W jaki spos\u00f3b podpisa\u0107 wniosek oraz za\u0142\u0105czniki do wniosku?<\/a><\/h3><div class=\"sp-collapse spcollapse \" id=\"collapse333618\" data-parent=\"#sp-ea-3336\" role=\"region\" aria-labelledby=\"ea-header-333618\"> <div class=\"ea-body\">Wniosek oraz za\u0142\u0105czniki do Wniosku (z wy\u0142\u0105czeniem pe\u0142nomocnictwa lub dokumentu potwierdzaj\u0105cego uprawnienie Wnioskodawcy) musz\u0105 zosta\u0107 podpisane podpisem elektronicznym weryfikowanym za pomoc\u0105 wa\u017cnego kwalifikowanego certyfikatu przez osob\u0119 uprawnion\u0105 do reprezentowania Wnioskodawcy. W przypadku braku posiadania kwalifikowanego podpisu elektronicznego Wnioskodawca mo\u017ce podpisa\u0107 Wniosek oraz za\u0142\u0105czniki do Wniosku (z wy\u0142\u0105czeniem pe\u0142nomocnictwa) podpisem zaufanym, podpisem osobistym.<\/div><\/div><\/div><div class=\"ea-card sp-ea-single\"><h3 class=\"ea-header\"><a class=\"collapsed\" id=\"ea-header-333619\" role=\"button\" data-sptoggle=\"spcollapse\" data-sptarget=\"#collapse333619\" aria-controls=\"collapse333619\" href=\"#\" aria-expanded=\"false\" tabindex=\"0\"><i aria-hidden=\"true\" role=\"presentation\" class=\"ea-expand-icon eap-icon-ea-expand-plus\"><\/i> Podczas wysy\u0142ania dokument\u00f3w na ePUAP zauwa\u017cony zosta\u0142 problem techniczny, co w takiej sytuacji nale\u017cy zrobi\u0107?<\/a><\/h3><div class=\"sp-collapse spcollapse \" id=\"collapse333619\" data-parent=\"#sp-ea-3336\" role=\"region\" aria-labelledby=\"ea-header-333619\"> <div class=\"ea-body\">Wsparcie u\u017cytkownik\u00f3w skrzynki ePUAP jest pod adresem:https:\/\/epuap.gov.pl\/wps\/wcm\/connect\/epuap2\/PL\/Strefa+Klienta_Pomoc\/Kontakt\/<\/div><\/div><\/div><div class=\"ea-card sp-ea-single\"><h3 class=\"ea-header\"><a class=\"collapsed\" id=\"ea-header-333620\" role=\"button\" data-sptoggle=\"spcollapse\" data-sptarget=\"#collapse333620\" aria-controls=\"collapse333620\" href=\"#\" aria-expanded=\"false\" tabindex=\"0\"><i aria-hidden=\"true\" role=\"presentation\" class=\"ea-expand-icon eap-icon-ea-expand-plus\"><\/i> Czy na dzie\u0144 sk\u0142adania wniosku trzeba mie\u0107 ju\u017c za\u0142o\u017cone konto bankowe?<\/a><\/h3><div class=\"sp-collapse spcollapse \" id=\"collapse333620\" data-parent=\"#sp-ea-3336\" role=\"region\" aria-labelledby=\"ea-header-333620\"> <div class=\"ea-body\">Nie trzeba. Numer konta bankowego wyodr\u0119bnionego dla Przedsi\u0119wzi\u0119cia podaje si\u0119 na etapie podpisywania umowy.<\/div><\/div><\/div><div class=\"ea-card sp-ea-single\"><h3 class=\"ea-header\"><a class=\"collapsed\" id=\"ea-header-333621\" role=\"button\" data-sptoggle=\"spcollapse\" data-sptarget=\"#collapse333621\" aria-controls=\"collapse333621\" href=\"#\" aria-expanded=\"false\" tabindex=\"0\"><i aria-hidden=\"true\" role=\"presentation\" class=\"ea-expand-icon eap-icon-ea-expand-plus\"><\/i> Czy do wniosku nale\u017cy do\u0142\u0105czy\u0107 kopie umowy z NFZ, za\u015bwiadczenie ZUS, US?<\/a><\/h3><div class=\"sp-collapse spcollapse \" id=\"collapse333621\" data-parent=\"#sp-ea-3336\" role=\"region\" aria-labelledby=\"ea-header-333621\"> <div class=\"ea-body\">Lista za\u0142\u0105cznik\u00f3w wymaganych do wniosk\u00f3w wskazana jest w za\u0142\u0105czniku nr. 2 do Procedury \u2013 wzorze wniosku. Kopia umowy z NFZ oraz inne za\u015bwiadczenia z ZUS czy US nie s\u0105 wymagane.<\/div><\/div><\/div><div class=\"ea-card sp-ea-single\"><h3 class=\"ea-header\"><a class=\"collapsed\" id=\"ea-header-333622\" role=\"button\" data-sptoggle=\"spcollapse\" data-sptarget=\"#collapse333622\" aria-controls=\"collapse333622\" href=\"#\" aria-expanded=\"false\" tabindex=\"0\"><i aria-hidden=\"true\" role=\"presentation\" class=\"ea-expand-icon eap-icon-ea-expand-plus\"><\/i> Czy podmiot, kt\u00f3ry zosta\u0142 zakwalifikowany do otrzymania grantu z I naboru i podpisa\u0142 umow\u0119, lecz potem zrezygnowa\u0142 i nie zosta\u0142y wydane \u017cadne pieni\u0105dze, mo\u017ce ponownie wnioskowa\u0107 raz jeszcze w ramach II naboru? <\/a><\/h3><div class=\"sp-collapse spcollapse \" id=\"collapse333622\" data-parent=\"#sp-ea-3336\" role=\"region\" aria-labelledby=\"ea-header-333622\"> <div class=\"ea-body\"><span class=\"TextRun SCXW132816078\" lang=\"PL-PL\" xml:lang=\"PL-PL\"><span class=\"NormalTextRun SCXW132816078\">Wnioskodawca, kt\u00f3remu nie przyznano grantu w danym naborze na wskazane miejsce udzielania \u015bwiadcze\u0144 mo\u017ce z\u0142o\u017cy\u0107 kolejny Wniosek obejmuj\u0105cy ten sam lub inny zakres rzeczowy na to miejsce udzielania \u015bwiadcze\u0144 w ramach kolejnego naboru.<\/span><\/span><span class=\"EOP SCXW132816078\" data-ccp-props=\"{&quot;201341983&quot;:0,&quot;335559739&quot;:160,&quot;335559740&quot;:259}\">\u00a0<\/span><\/div><\/div><\/div><div class=\"ea-card sp-ea-single\"><h3 class=\"ea-header\"><a class=\"collapsed\" id=\"ea-header-333623\" role=\"button\" data-sptoggle=\"spcollapse\" data-sptarget=\"#collapse333623\" aria-controls=\"collapse333623\" href=\"#\" aria-expanded=\"false\" tabindex=\"0\"><i aria-hidden=\"true\" role=\"presentation\" class=\"ea-expand-icon eap-icon-ea-expand-plus\"><\/i> Czy podmiot, kt\u00f3ry posiada kilka MU\u015a w gminie, mo\u017ce ponownie wnioskowa\u0107 o grant, w II naborze? <\/a><\/h3><div class=\"sp-collapse spcollapse \" id=\"collapse333623\" data-parent=\"#sp-ea-3336\" role=\"region\" aria-labelledby=\"ea-header-333623\"> <div class=\"ea-body\"><span class=\"TextRun SCXW191962122\" lang=\"PL-PL\" xml:lang=\"PL-PL\"><span class=\"NormalTextRun SCXW191962122\">Wnioskodawca mo\u017ce z\u0142o\u017cy\u0107 jeden Wniosek na jedno miejsce udzielania \u015bwiadcze\u0144 w danej gminie w ramach jednego naboru. W przypadku kilku miejsc udzielania \u015bwiadcze\u0144 w jednej gminie, Wnioskodawca mo\u017ce z\u0142o\u017cy\u0107 Wniosek na jedno wybrane miejsce udzielania \u015bwiadcze\u0144. Dopuszcza si\u0119 z\u0142o\u017cenie przez Wnioskodawc\u0119 kilku Wniosk\u00f3w w ramach jednego naboru, po jednym na ka\u017cde z miejsc udzielania \u015bwiadcze\u0144 z osobna, je\u017celi s\u0105 one po\u0142o\u017cone w r\u00f3\u017cnych gminach.<\/span><\/span><span class=\"EOP SCXW191962122\" data-ccp-props=\"{&quot;201341983&quot;:0,&quot;335559739&quot;:160,&quot;335559740&quot;:259}\">\u00a0<\/span><span class=\"TextRun SCXW215075175\" lang=\"PL-PL\" xml:lang=\"PL-PL\"><span class=\"SpellingError SCXW215075175\">Grantobiorcy<\/span><\/span><span class=\"TextRun SCXW215075175\" lang=\"PL-PL\" xml:lang=\"PL-PL\"><span class=\"NormalTextRun SCXW215075175\">, kt\u00f3rzy uzyskali wsparcie w I naborze, mog\u0105 ponownie wyst\u0105pi\u0107\/zawnioskowa\u0107 o grant na kolejny MU\u015a w gminie, w kt\u00f3rej uzyskali wsparcie w I naborze (pod warunkiem, ze pacjenci z tego MU\u015a\/filii nie byli doliczeni do listy pacjent\u00f3w wykazanych w I naborze).\u00a0\u00a0<\/span><\/span><span class=\"EOP SCXW215075175\" data-ccp-props=\"{&quot;201341983&quot;:0,&quot;335559739&quot;:160,&quot;335559740&quot;:259}\">\u00a0<\/span><\/div><\/div><\/div><div class=\"ea-card sp-ea-single\"><h3 class=\"ea-header\"><a class=\"collapsed\" id=\"ea-header-333624\" role=\"button\" data-sptoggle=\"spcollapse\" data-sptarget=\"#collapse333624\" aria-controls=\"collapse333624\" href=\"#\" aria-expanded=\"false\" tabindex=\"0\"><i aria-hidden=\"true\" role=\"presentation\" class=\"ea-expand-icon eap-icon-ea-expand-plus\"><\/i> Czy obowi\u0105zek utrzymania dzia\u0142alno\u015bci POZ przez 8 lat (okres trwa\u0142o\u015bci to 5 lat od rozliczenia projektu przez NFZ) dotyczy konkretnego podmiotu \u2013 wed\u0142ug numeru NIP \u2013 czy lokalizacji? Co w sytuacji, gdy z przyczyn niezale\u017cnych konieczna b\u0119dzie zmiana lokalizacji w okresie trwa\u0142o\u015bci? <\/a><\/h3><div class=\"sp-collapse spcollapse \" id=\"collapse333624\" data-parent=\"#sp-ea-3336\" role=\"region\" aria-labelledby=\"ea-header-333624\"> <div class=\"ea-body\">Obowi\u0105zek zachowania trwa\u0142o\u015bci spoczywa na <strong>Grantobiorcy jako podmiocie<\/strong>, a wi\u0119c jest przypisany do <strong>NIP<\/strong>, a nie do konkretnej lokalizacji. Zmiana miejsca udzielania \u015bwiadcze\u0144 POZ w okresie trwa\u0142o\u015bci jest <strong>potencjalnie mo\u017cliwa<\/strong>, jednak wymaga spe\u0142nienia szeregu warunk\u00f3w i ka\u017cdorazowo podlega <strong>indywidualnej ocenie<\/strong>.Nale\u017cy pami\u0119ta\u0107, \u017ce w pewnych przypadkach zmiana lokalizacji mo\u017ce naruszy\u0107 zasad\u0119 trwa\u0142o\u015bci \u2013 np. gdy w ramach przedsi\u0119wzi\u0119cia wykonano <strong>prace budowlane<\/strong> lub dokonano <strong>inwestycji trwale zwi\u0105zanych z konkretnym miejscem<\/strong>. W takich sytuacjach przeniesienie dzia\u0142alno\u015bci mo\u017ce by\u0107 niemo\u017cliwe lub wymaga\u0107 dodatkowych wyja\u015bnie\u0144 oraz zgody.<\/div><\/div><\/div><div class=\"ea-card sp-ea-single\"><h3 class=\"ea-header\"><a class=\"collapsed\" id=\"ea-header-333625\" role=\"button\" data-sptoggle=\"spcollapse\" data-sptarget=\"#collapse333625\" aria-controls=\"collapse333625\" href=\"#\" aria-expanded=\"false\" tabindex=\"0\"><i aria-hidden=\"true\" role=\"presentation\" class=\"ea-expand-icon eap-icon-ea-expand-plus\"><\/i> Czy mo\u017cemy sfinansowa\u0107 remont w budynku wynajmowanym od miasta? Budynek nie jest nasz\u0105 w\u0142asno\u015bci\u0105.<\/a><\/h3><div class=\"sp-collapse spcollapse \" id=\"collapse333625\" data-parent=\"#sp-ea-3336\" role=\"region\" aria-labelledby=\"ea-header-333625\"> <div class=\"ea-body\">Aby przeprowadzi\u0107 prace budowlane nale\u017cy mie\u0107 prawo do wykonywania prac budowlanych w tym budynku (zgod\u0119 w\u0142a\u015bciciela). Nale\u017cy tak\u017ce pami\u0119ta\u0107 o konieczno\u015bci zachowania trwa\u0142o\u015bci przedsi\u0119wzi\u0119cia.<\/div><\/div><\/div><div class=\"ea-card sp-ea-single\"><h3 class=\"ea-header\"><a class=\"collapsed\" id=\"ea-header-333626\" role=\"button\" data-sptoggle=\"spcollapse\" data-sptarget=\"#collapse333626\" aria-controls=\"collapse333626\" href=\"#\" aria-expanded=\"false\" tabindex=\"0\"><i aria-hidden=\"true\" role=\"presentation\" class=\"ea-expand-icon eap-icon-ea-expand-plus\"><\/i> Czy do rozliczenia projektu nale\u017cy mie\u0107 oddzielny rachunek bankowy?<\/a><\/h3><div class=\"sp-collapse spcollapse \" id=\"collapse333626\" data-parent=\"#sp-ea-3336\" role=\"region\" aria-labelledby=\"ea-header-333626\"> <div class=\"ea-body\">Na etapie sk\u0142adania wniosku nie ma takiej konieczno\u015bci. Natomiast w celu podpisania umowy nale\u017cy posiada\u0107 wyodr\u0119bniony rachunek, na kt\u00f3rym nie b\u0119d\u0105 odbywa\u0107 si\u0119 operacje inne ni\u017c zwi\u0105zane z rozliczaniem projektu. Na to konto NFZ b\u0119dzie przelewa\u0142 \u015brodki z zaliczki lub refundacji.<\/div><\/div><\/div><div class=\"ea-card sp-ea-single\"><h3 class=\"ea-header\"><a class=\"collapsed\" id=\"ea-header-333627\" role=\"button\" data-sptoggle=\"spcollapse\" data-sptarget=\"#collapse333627\" aria-controls=\"collapse333627\" href=\"#\" aria-expanded=\"false\" tabindex=\"0\"><i aria-hidden=\"true\" role=\"presentation\" class=\"ea-expand-icon eap-icon-ea-expand-plus\"><\/i> W poprzednim naborze otrzymali\u015bmy grant i chcemy wzi\u0105\u0107 udzia\u0142 w kolejnym naborze. Czy w tej sytuacji musimy za\u0142o\u017cy\u0107 nowy rachunek bankowy do nowego grantu?<\/a><\/h3><div class=\"sp-collapse spcollapse \" id=\"collapse333627\" data-parent=\"#sp-ea-3336\" role=\"region\" aria-labelledby=\"ea-header-333627\"> <div class=\"ea-body\">Nie ma takiego wymogu. Je\u015bli dotychczasowe konto w czasie realizacji przedsi\u0119wzi\u0119cia nie b\u0119dzie wykorzystywane do innych cel\u00f3w, to mo\u017ce by\u0107 wykorzystane ponownie.<\/div><\/div><\/div><div class=\"ea-card sp-ea-single\"><h3 class=\"ea-header\"><a class=\"collapsed\" id=\"ea-header-333628\" role=\"button\" data-sptoggle=\"spcollapse\" data-sptarget=\"#collapse333628\" aria-controls=\"collapse333628\" href=\"#\" aria-expanded=\"false\" tabindex=\"0\"><i aria-hidden=\"true\" role=\"presentation\" class=\"ea-expand-icon eap-icon-ea-expand-plus\"><\/i> Czy mo\u017cna rozliczy\u0107 zakup aparatu USG, kt\u00f3ry cz\u0119\u015bciowo jest wykorzystywany do bada\u0144 prywatnych?<\/a><\/h3><div class=\"sp-collapse spcollapse \" id=\"collapse333628\" data-parent=\"#sp-ea-3336\" role=\"region\" aria-labelledby=\"ea-header-333628\"> <div class=\"ea-body\">Nie, nie mo\u017cna generowa\u0107 zysku na sprz\u0119cie zakupionym w ramach projektu.<\/div><\/div><\/div><div class=\"ea-card sp-ea-single\"><h3 class=\"ea-header\"><a class=\"collapsed\" id=\"ea-header-333629\" role=\"button\" data-sptoggle=\"spcollapse\" data-sptarget=\"#collapse333629\" aria-controls=\"collapse333629\" href=\"#\" aria-expanded=\"false\" tabindex=\"0\"><i aria-hidden=\"true\" role=\"presentation\" class=\"ea-expand-icon eap-icon-ea-expand-plus\"><\/i> Jak ustali\u0107 liczb\u0119 pacjent\u00f3w na li\u015bcie aktywnej?<\/a><\/h3><div class=\"sp-collapse spcollapse \" id=\"collapse333629\" data-parent=\"#sp-ea-3336\" role=\"region\" aria-labelledby=\"ea-header-333629\"> <div class=\"ea-body\">Zgodnie z wzorem wniosku o przyznanie grantu, stanowi\u0105cym za\u0142\u0105cznik do procedury i kt\u00f3ry jest uzupe\u0142niany w dedykowanej aplikacji\u00a0<a id=\"menurb6f\" class=\"fui-Link ___1q1shib f2hkw1w f3rmtva f1ewtqcl fyind8e f1k6fduh f1w7gpdv fk6fouc fjoy568 figsok6 f1s184ao f1mk8lai fnbmjn9 f1o700av f13mvf36 f1cmlufx f9n3di6 f1ids18y f1tx3yz7 f1deo86v f1eh06m1 f1iescvh fhgqx19 f1olyrje f1p93eir f1nev41a f1h8hb77 f1lqvz6u f10aw75t fsle3fq f17ae5zn\" title=\"https:\/\/granty.nfz.gov.pl\/\" href=\"https:\/\/granty.nfz.gov.pl\/\" target=\"_blank\" rel=\"noreferrer noopener\" aria-label=\"Link https:\/\/granty.nfz.gov.pl\/\">https:\/\/granty.nfz.gov.pl\/<\/a>\u00a0liczb\u0119 pacjent\u00f3w nale\u017cy poda\u0107 w oparciu o dane zamieszczone na listach aktywnych\/li\u015bcie aktywnej zgodnie z miejscem udzielania \u015bwiadcze\u0144 w POZ, wed\u0142ug stanu obowi\u0105zuj\u0105cego na pierwszy dzie\u0144 miesi\u0105ca poprzedzaj\u0105cego z\u0142o\u017cenie Wniosku.Zgodnie z procedur\u0105 maksymalna wysoko\u015b\u0107 grantu jest uzale\u017cniona od liczby pacjent\u00f3w ustalonej w oparciu o dane zamieszczone na li\u015bcie aktywnej zgodnie z miejscem udzielania \u015bwiadcze\u0144 POZ, wed\u0142ug stanu obowi\u0105zuj\u0105cego na dzie\u0144 z\u0142o\u017cenia Wniosku:1) Grupa I \u2013 do 5 000 pacjent\u00f3w na li\u015bcie aktywnej \u2013 do 300 000,00 z\u0142,2) Grupa II \u2013 od 5 001 do 10 000 pacjent\u00f3w na li\u015bcie aktywnej \u2013 do 450 000,00 z\u0142,3) Grupa III \u2013 powy\u017cej 10 000 pacjent\u00f3w na li\u015bcie aktywnej \u2013 do 600 000,00 z\u0142,4) Grupa IV \u2013 (wy\u0142\u0105cznie podmioty poszkodowane w powodzi) niezale\u017cnie od liczby pacjent\u00f3w na li\u015bcie aktywnej \u2013 do r\u00f3wnowarto\u015bci w z\u0142otych 200 tys. EUR wed\u0142ug miesi\u0119cznego obrachunkowego kursu wymiany waluty stosowanego przez KE, aktualnego na dzie\u0144 og\u0142oszenia naboru przez Grantodawc\u0119, podanego na stronie internetowej projektu grantowego.Zatem w punkcie 3.8 nale\u017cy wpisa\u0107 dane o liczbie pacjent\u00f3w zgodnie z zestawieniem, kt\u00f3re zosta\u0142o zatwierdzone przez NFZ jako ostatnie.<\/div><\/div><\/div><div class=\"ea-card sp-ea-single\"><h3 class=\"ea-header\"><a class=\"collapsed\" id=\"ea-header-333630\" role=\"button\" data-sptoggle=\"spcollapse\" data-sptarget=\"#collapse333630\" aria-controls=\"collapse333630\" href=\"#\" aria-expanded=\"false\" tabindex=\"0\"><i aria-hidden=\"true\" role=\"presentation\" class=\"ea-expand-icon eap-icon-ea-expand-plus\"><\/i> Czy aktywna liczba pacjent\u00f3w dotyczy tylko deklaracji do lekarza POZ, czy te\u017c licz\u0105 si\u0119 \u0142\u0105cznie deklaracje do lekarza, piel\u0119gniarki i po\u0142o\u017cnej?<\/a><\/h3><div class=\"sp-collapse spcollapse \" id=\"collapse333630\" data-parent=\"#sp-ea-3336\" role=\"region\" aria-labelledby=\"ea-header-333630\"> <div class=\"ea-body\">Licz\u0105 si\u0119 wy\u0142\u0105cznie pacjenci uj\u0119ci na li\u015bcie aktywnej lekarza POZ.<\/div><\/div><\/div><div class=\"ea-card sp-ea-single\"><h3 class=\"ea-header\"><a class=\"collapsed\" id=\"ea-header-333631\" role=\"button\" data-sptoggle=\"spcollapse\" data-sptarget=\"#collapse333631\" aria-controls=\"collapse333631\" href=\"#\" aria-expanded=\"false\" tabindex=\"0\"><i aria-hidden=\"true\" role=\"presentation\" class=\"ea-expand-icon eap-icon-ea-expand-plus\"><\/i> Jak\u0105 liczb\u0119 pacjent\u00f3w musi obs\u0142ugiwa\u0107 plac\u00f3wka POZ, \u017ceby przyst\u0105pi\u0107 do projektu?<\/a><\/h3><div class=\"sp-collapse spcollapse \" id=\"collapse333631\" data-parent=\"#sp-ea-3336\" role=\"region\" aria-labelledby=\"ea-header-333631\"> <div class=\"ea-body\">Nie ma minimalnej liczby pacjent\u00f3w. Podmioty z list\u0105 aktywn\u0105 poni\u017cej 5 tys. pacjent\u00f3w mog\u0105 otrzyma\u0107 grant w wysoko\u015bci do 300 tys. z\u0142.<\/div><\/div><\/div><div class=\"ea-card sp-ea-single\"><h3 class=\"ea-header\"><a class=\"collapsed\" id=\"ea-header-333632\" role=\"button\" data-sptoggle=\"spcollapse\" data-sptarget=\"#collapse333632\" aria-controls=\"collapse333632\" href=\"#\" aria-expanded=\"false\" tabindex=\"0\"><i aria-hidden=\"true\" role=\"presentation\" class=\"ea-expand-icon eap-icon-ea-expand-plus\"><\/i> Czy w programie s\u0105 przewidziane zaliczki, czy jedynie refundacja ju\u017c poniesionych koszt\u00f3w?<\/a><\/h3><div class=\"sp-collapse spcollapse \" id=\"collapse333632\" data-parent=\"#sp-ea-3336\" role=\"region\" aria-labelledby=\"ea-header-333632\"> <div class=\"ea-body\">Obie formy finansowania przedsi\u0119wzi\u0119\u0107 grantowych s\u0105 mo\u017cliwe.<\/div><\/div><\/div><div class=\"ea-card sp-ea-single\"><h3 class=\"ea-header\"><a class=\"collapsed\" id=\"ea-header-333633\" role=\"button\" data-sptoggle=\"spcollapse\" data-sptarget=\"#collapse333633\" aria-controls=\"collapse333633\" href=\"#\" aria-expanded=\"false\" tabindex=\"0\"><i aria-hidden=\"true\" role=\"presentation\" class=\"ea-expand-icon eap-icon-ea-expand-plus\"><\/i> Jak\u0105 cz\u0119\u015b\u0107 finansowania mo\u017cna otrzyma\u0107 w formie zaliczki?<\/a><\/h3><div class=\"sp-collapse spcollapse \" id=\"collapse333633\" data-parent=\"#sp-ea-3336\" role=\"region\" aria-labelledby=\"ea-header-333633\"> <div class=\"ea-body\">Zaliczka mo\u017ce stanowi\u0107 do 100% finansowania\u00a0 przedsi\u0119wzi\u0119cia grantowego.<\/div><\/div><\/div><div class=\"ea-card sp-ea-single\"><h3 class=\"ea-header\"><a class=\"collapsed\" id=\"ea-header-333634\" role=\"button\" data-sptoggle=\"spcollapse\" data-sptarget=\"#collapse333634\" aria-controls=\"collapse333634\" href=\"#\" aria-expanded=\"false\" tabindex=\"0\"><i aria-hidden=\"true\" role=\"presentation\" class=\"ea-expand-icon eap-icon-ea-expand-plus\"><\/i> Czy koszty instalacji i konfiguracji sprz\u0119tu IT lub monta\u017c urz\u0105dze\u0144 przez firm\u0119 zewn\u0119trzn\u0105 s\u0105 kosztami kwalifikowalnymi?<\/a><\/h3><div class=\"sp-collapse spcollapse \" id=\"collapse333634\" data-parent=\"#sp-ea-3336\" role=\"region\" aria-labelledby=\"ea-header-333634\"> <div class=\"ea-body\">Nie, takie us\u0142ugi nie s\u0105 kwalifikowalne.<\/div><\/div><\/div><div class=\"ea-card sp-ea-single\"><h3 class=\"ea-header\"><a class=\"collapsed\" id=\"ea-header-333635\" role=\"button\" data-sptoggle=\"spcollapse\" data-sptarget=\"#collapse333635\" aria-controls=\"collapse333635\" href=\"#\" aria-expanded=\"false\" tabindex=\"0\"><i aria-hidden=\"true\" role=\"presentation\" class=\"ea-expand-icon eap-icon-ea-expand-plus\"><\/i> Czy przy zakupie serwera zapytanie ofertowe mo\u017ce obejmowa\u0107 dostaw\u0119, instalacj\u0119 i konfiguracj\u0119 tego urz\u0105dzenia?<\/a><\/h3><div class=\"sp-collapse spcollapse \" id=\"collapse333635\" data-parent=\"#sp-ea-3336\" role=\"region\" aria-labelledby=\"ea-header-333635\"> <div class=\"ea-body\">Zapytanie ofertowe mo\u017ce dotyczy\u0107 tak\u017ce tych cen, ale nie b\u0119d\u0105 one uznane za kwalifikowalne. Je\u017celi w ofercie dostaniecie Pa\u0144stwo cz\u0119\u015bci sk\u0142adowe, to do harmonogramu wpisywane s\u0105 wy\u0142\u0105cznie koszty kwalifikowalne.<\/div><\/div><\/div><div class=\"ea-card sp-ea-single\"><h3 class=\"ea-header\"><a class=\"collapsed\" id=\"ea-header-333636\" role=\"button\" data-sptoggle=\"spcollapse\" data-sptarget=\"#collapse333636\" aria-controls=\"collapse333636\" href=\"#\" aria-expanded=\"false\" tabindex=\"0\"><i aria-hidden=\"true\" role=\"presentation\" class=\"ea-expand-icon eap-icon-ea-expand-plus\"><\/i> Czy wymiana mebli, np. \u0142awek w poczekalni, prace takie jak doprowadzenie zasilania do stanowiska czy instalacja szaf serwerowych mog\u0105 zosta\u0107 zakwalifikowane jako roboty budowlane w projekcie?<\/a><\/h3><div class=\"sp-collapse spcollapse \" id=\"collapse333636\" data-parent=\"#sp-ea-3336\" role=\"region\" aria-labelledby=\"ea-header-333636\"> <div class=\"ea-body\"><span data-teams=\"true\">Je\u017celi \u0142awki b\u0119d\u0105 meblami medycznymi to tak, mog\u0105 zosta\u0107 rozliczone. Doprowadzenie zasilania do stanowiska jest mo\u017cliwe do rozliczenia w zakresie prac budowlanych, ale instalacja szaf rozumiana jako ich monta\u017c ju\u017c nie.\u00a0<\/span><\/div><\/div><\/div><div class=\"ea-card sp-ea-single\"><h3 class=\"ea-header\"><a class=\"collapsed\" id=\"ea-header-333637\" role=\"button\" data-sptoggle=\"spcollapse\" data-sptarget=\"#collapse333637\" aria-controls=\"collapse333637\" href=\"#\" aria-expanded=\"false\" tabindex=\"0\"><i aria-hidden=\"true\" role=\"presentation\" class=\"ea-expand-icon eap-icon-ea-expand-plus\"><\/i> Czy zakup rolet okiennych jest mo\u017cliwy do sfinansowania?<\/a><\/h3><div class=\"sp-collapse spcollapse \" id=\"collapse333637\" data-parent=\"#sp-ea-3336\" role=\"region\" aria-labelledby=\"ea-header-333637\"> <div class=\"ea-body\"><span data-teams=\"true\">Tak, zakup rolet i \u017caluzji montowanych na sta\u0142e w oknach, do pomieszcze\u0144 silnie do\u015bwietlonych s\u0142o\u0144cem, jest mo\u017cliwy.\u00a0<\/span><\/div><\/div><\/div><div class=\"ea-card sp-ea-single\"><h3 class=\"ea-header\"><a class=\"collapsed\" id=\"ea-header-333638\" role=\"button\" data-sptoggle=\"spcollapse\" data-sptarget=\"#collapse333638\" aria-controls=\"collapse333638\" href=\"#\" aria-expanded=\"false\" tabindex=\"0\"><i aria-hidden=\"true\" role=\"presentation\" class=\"ea-expand-icon eap-icon-ea-expand-plus\"><\/i> Czy zapytania ofertowe musz\u0105 by\u0107 z\u0142o\u017cone z wykorzystaniem wzoru z Pa\u0144stwa strony?<\/a><\/h3><div class=\"sp-collapse spcollapse \" id=\"collapse333638\" data-parent=\"#sp-ea-3336\" role=\"region\" aria-labelledby=\"ea-header-333638\"> <div class=\"ea-body\">Nie, wz\u00f3r jest jedynie pomocniczy.<\/div><\/div><\/div><div class=\"ea-card sp-ea-single\"><h3 class=\"ea-header\"><a class=\"collapsed\" id=\"ea-header-333639\" role=\"button\" data-sptoggle=\"spcollapse\" data-sptarget=\"#collapse333639\" aria-controls=\"collapse333639\" href=\"#\" aria-expanded=\"false\" tabindex=\"0\"><i aria-hidden=\"true\" role=\"presentation\" class=\"ea-expand-icon eap-icon-ea-expand-plus\"><\/i> Czy wyceny\/oferty, na podstawie kt\u00f3rych tworzymy harmonogram, musz\u0105 by\u0107 do\u0142\u0105czone do sk\u0142adanego wniosku?<\/a><\/h3><div class=\"sp-collapse spcollapse \" id=\"collapse333639\" data-parent=\"#sp-ea-3336\" role=\"region\" aria-labelledby=\"ea-header-333639\"> <div class=\"ea-body\">Nie ma takiej konieczno\u015bci.<\/div><\/div><\/div><div class=\"ea-card sp-ea-single\"><h3 class=\"ea-header\"><a class=\"collapsed\" id=\"ea-header-333640\" role=\"button\" data-sptoggle=\"spcollapse\" data-sptarget=\"#collapse333640\" aria-controls=\"collapse333640\" href=\"#\" aria-expanded=\"false\" tabindex=\"0\"><i aria-hidden=\"true\" role=\"presentation\" class=\"ea-expand-icon eap-icon-ea-expand-plus\"><\/i> Czy urz\u0105dzenia musz\u0105 by\u0107 kupowane w Polsce, czy mog\u0105 by\u0107 kupowane na terenie ca\u0142ej UE?<\/a><\/h3><div class=\"sp-collapse spcollapse \" id=\"collapse333640\" data-parent=\"#sp-ea-3336\" role=\"region\" aria-labelledby=\"ea-header-333640\"> <div class=\"ea-body\">Mog\u0105 by\u0107 kupowane w Polsce i na pozosta\u0142ym terenie UE.<\/div><\/div><\/div><div class=\"ea-card sp-ea-single\"><h3 class=\"ea-header\"><a class=\"collapsed\" id=\"ea-header-333641\" role=\"button\" data-sptoggle=\"spcollapse\" data-sptarget=\"#collapse333641\" aria-controls=\"collapse333641\" href=\"#\" aria-expanded=\"false\" tabindex=\"0\"><i aria-hidden=\"true\" role=\"presentation\" class=\"ea-expand-icon eap-icon-ea-expand-plus\"><\/i> Mo\u017cemy uzyska\u0107 maksymalnie 300 tys. z\u0142 grantu. Chcemy wyda\u0107 380 tys. z\u0142. Kt\u00f3r\u0105 z tych warto\u015bci nale\u017cy wpisa\u0107 do wniosku i harmonogramu?<\/a><\/h3><div class=\"sp-collapse spcollapse \" id=\"collapse333641\" data-parent=\"#sp-ea-3336\" role=\"region\" aria-labelledby=\"ea-header-333641\"> <div class=\"ea-body\">Nale\u017cy wpisa\u0107 kwot\u0119 planowan\u0105 do rozliczenia w projekcie, czyli 300 tys. z\u0142.<\/div><\/div><\/div><div class=\"ea-card sp-ea-single\"><h3 class=\"ea-header\"><a class=\"collapsed\" id=\"ea-header-333642\" role=\"button\" data-sptoggle=\"spcollapse\" data-sptarget=\"#collapse333642\" aria-controls=\"collapse333642\" href=\"#\" aria-expanded=\"false\" tabindex=\"0\"><i aria-hidden=\"true\" role=\"presentation\" class=\"ea-expand-icon eap-icon-ea-expand-plus\"><\/i> Chc\u0119 kupi\u0107 dwa sprz\u0119ty po 180 tys. z\u0142 ka\u017cdy. W ramach grantu mog\u0119 dosta\u0107 maksymalnie 300 tys. z\u0142. Co mam wpisa\u0107 do wniosku i harmonogramu?<\/a><\/h3><div class=\"sp-collapse spcollapse \" id=\"collapse333642\" data-parent=\"#sp-ea-3336\" role=\"region\" aria-labelledby=\"ea-header-333642\"> <div class=\"ea-body\">W\u00f3wczas ka\u017cdy z tych sprz\u0119t\u00f3w nale\u017cy uj\u0105\u0107 przyk\u0142adowo po 150 tys. z\u0142.<\/div><\/div><\/div><div class=\"ea-card sp-ea-single\"><h3 class=\"ea-header\"><a class=\"collapsed\" id=\"ea-header-333643\" role=\"button\" data-sptoggle=\"spcollapse\" data-sptarget=\"#collapse333643\" aria-controls=\"collapse333643\" href=\"#\" aria-expanded=\"false\" tabindex=\"0\"><i aria-hidden=\"true\" role=\"presentation\" class=\"ea-expand-icon eap-icon-ea-expand-plus\"><\/i> W pa\u017adzierniku 2025 kupili\u015bmy USG. Czy mo\u017cemy zakup tego aparatu rozliczy\u0107 z tego grantu?<\/a><\/h3><div class=\"sp-collapse spcollapse \" id=\"collapse333643\" data-parent=\"#sp-ea-3336\" role=\"region\" aria-labelledby=\"ea-header-333643\"> <div class=\"ea-body\">Tak, pod warunkiem spe\u0142nienia wszystkich kryteri\u00f3w kwalifikowalno\u015bci okre\u015blonych w umowie. Okres kwalifikowalno\u015bci wydatk\u00f3w zaczyna si\u0119 od 1 stycznia 2024 r.<\/div><\/div><\/div><div class=\"ea-card sp-ea-single\"><h3 class=\"ea-header\"><a class=\"collapsed\" id=\"ea-header-333644\" role=\"button\" data-sptoggle=\"spcollapse\" data-sptarget=\"#collapse333644\" aria-controls=\"collapse333644\" href=\"#\" aria-expanded=\"false\" tabindex=\"0\"><i aria-hidden=\"true\" role=\"presentation\" class=\"ea-expand-icon eap-icon-ea-expand-plus\"><\/i> Czy w przypadku wsp\u00f3lnego kontraktu POZ i AOS z umow\u0105 NFZ serwer mo\u017ce gromadzi\u0107 wszystkie dane?<\/a><\/h3><div class=\"sp-collapse spcollapse \" id=\"collapse333644\" data-parent=\"#sp-ea-3336\" role=\"region\" aria-labelledby=\"ea-header-333644\"> <div class=\"ea-body\">Sprz\u0119t mo\u017ce by\u0107 wykorzystywany do \u015bwiadcze\u0144 udzielanych ze \u015brodk\u00f3w publicznych. W przypadku \u015bwiadcze\u0144 komercyjnych nie mo\u017cna korzysta\u0107 ze sprz\u0119tu \/prac budowlanych obj\u0119tych wsparciem w ramach projektu.<\/div><\/div><\/div><div class=\"ea-card sp-ea-single\"><h3 class=\"ea-header\"><a class=\"collapsed\" id=\"ea-header-333645\" role=\"button\" data-sptoggle=\"spcollapse\" data-sptarget=\"#collapse333645\" aria-controls=\"collapse333645\" href=\"#\" aria-expanded=\"false\" tabindex=\"0\"><i aria-hidden=\"true\" role=\"presentation\" class=\"ea-expand-icon eap-icon-ea-expand-plus\"><\/i> Czy rozeznanie rynku nale\u017cy robi\u0107 tak\u017ce do rzeczy, kt\u00f3re kosztuj\u0105 mniej ni\u017c 80 tys. z\u0142, jak np. stetoskopy, ale znajduj\u0105 si\u0119 w kategorii, kt\u00f3ra \u0142\u0105cznie przekracza kwot\u0119 80 tys. z\u0142. ?<\/a><\/h3><div class=\"sp-collapse spcollapse \" id=\"collapse333645\" data-parent=\"#sp-ea-3336\" role=\"region\" aria-labelledby=\"ea-header-333645\"> <div class=\"ea-body\">Ka\u017cda pozycja musi by\u0107 wyceniona. Kwota 80 tys. z\u0142 dotyczy ca\u0142ej kategorii, czyli np. wszystkich sprz\u0119t\u00f3w medycznych, jakie s\u0105 na li\u015bcie, a nie ceny pojedynczej pozycji. Natomiast w harmonogramie niezale\u017cnie od kwot ka\u017cda pozycja musi mie\u0107 wpisan\u0105 cen\u0119 jednostkow\u0105.<\/div><\/div><\/div><div class=\"ea-card sp-ea-single\"><h3 class=\"ea-header\"><a class=\"collapsed\" id=\"ea-header-333646\" role=\"button\" data-sptoggle=\"spcollapse\" data-sptarget=\"#collapse333646\" aria-controls=\"collapse333646\" href=\"#\" aria-expanded=\"false\" tabindex=\"0\"><i aria-hidden=\"true\" role=\"presentation\" class=\"ea-expand-icon eap-icon-ea-expand-plus\"><\/i> Jakie wymogi powinno spe\u0142nia\u0107 prawid\u0142owe pe\u0142nomocnictwo?<\/a><\/h3><div class=\"sp-collapse spcollapse \" id=\"collapse333646\" data-parent=\"#sp-ea-3336\" role=\"region\" aria-labelledby=\"ea-header-333646\"> <div class=\"ea-body\">Pe\u0142nomocnictwo musi spe\u0142nia\u0107 kilka wymog\u00f3w<ol> <li><span data-teams=\"true\">Musi mie\u0107 form\u0119 pisemn\u0105, dopuszcza si\u0119 podpis odr\u0119czny lub wa\u017cny podpis elektroniczny (kwalifikowany, zaufany, osobisty). W przypadku skanu dokumentu podpisanego odr\u0119cznie nie ma konieczno\u015bci podpisywania go podpisem elektronicznym.<\/span><\/li> <li><span data-teams=\"true\">Musi by\u0107 udzielone pe\u0142nomocnikowi przez mocodawc\u0119 uprawnionego do udzielenia pe\u0142nomocnictwa zgodnie z przepisami prawa powszechnie obowi\u0105zuj\u0105cego oraz na podstawie informacji zawartych w dokumentach statutowych i rejestrowych.<\/span><\/li> <li><span data-teams=\"true\">Z tre\u015bci pe\u0142nomocnictwa musi wynika\u0107 umocowanie do dokonania czynno\u015bci: <\/span><span data-teams=\"true\">z\u0142o\u017cenia wniosku o przyznanie grantu<\/span><\/li> <li><span data-teams=\"true\">Warto uj\u0105\u0107 w takim pe\u0142nomocnictwie r\u00f3wnie\u017c umocowanie do sk\u0142adania wyja\u015bnie\u0144 dotycz\u0105cych wniosku, je\u017celi te czynno\u015bci ma r\u00f3wnie\u017c realizowa\u0107 pe\u0142nomocnik.<\/span><\/li><\/ol><\/div><\/div><\/div><div class=\"ea-card sp-ea-single\"><h3 class=\"ea-header\"><a class=\"collapsed\" id=\"ea-header-333647\" role=\"button\" data-sptoggle=\"spcollapse\" data-sptarget=\"#collapse333647\" aria-controls=\"collapse333647\" href=\"#\" aria-expanded=\"false\" tabindex=\"0\"><i aria-hidden=\"true\" role=\"presentation\" class=\"ea-expand-icon eap-icon-ea-expand-plus\"><\/i> W pozycji \u201eMeble medyczne\u201d chcemy kupi\u0107 r\u00f3\u017cne artyku\u0142y, np. stolik\u2011asystor, parawan, stanowisko do pobierania krwi (ka\u017cdy w innej cenie). Czy powinni\u015bmy trzykrotnie wybra\u0107 pozycj\u0119 \u201eMeble medyczne\u201d, czy wpisa\u0107 \u0142\u0105czn\u0105 liczb\u0119 sztuk w jednej pozycji, a cen\u0119 jednostkow\u0105 u\u015bredni\u0107? Czy w tej sytuacji cen\u0119 jednostkow\u0105 nale\u017cy u\u015bredni\u0107 (np. stanowisko 2000 z\u0142, parawan 200 z\u0142 \u2192 \u015brednia 1100 z\u0142)?<\/a><\/h3><div class=\"sp-collapse spcollapse \" id=\"collapse333647\" data-parent=\"#sp-ea-3336\" role=\"region\" aria-labelledby=\"ea-header-333647\"> <div class=\"ea-body\">We wniosku nie ma mo\u017cliwo\u015bci szczeg\u00f3\u0142owego rozr\u00f3\u017cnienia poszczeg\u00f3lnych rodzaj\u00f3w mebli medycznych, dlatego rekomendowane jest uj\u0119cie ich jako <strong>jednej pozycji<\/strong>, z podaniem <strong>\u0142\u0105cznej liczby sztuk<\/strong> i zastosowaniem <strong>u\u015brednionej ceny jednostkowej<\/strong>.Dopuszcza si\u0119 jednak r\u00f3wnie\u017c <strong>wielokrotne wykazanie pozycji \u201eMeble medyczne\u201d<\/strong>, je\u015bli Grantobiorca chce przedstawi\u0107 oddzielne ceny dla poszczeg\u00f3lnych artyku\u0142\u00f3w. Obie formy s\u0105 akceptowalne, o ile suma i zakres koszt\u00f3w odpowiadaj\u0105 za\u0142o\u017ceniom projektu.<\/div><\/div><\/div><div class=\"ea-card sp-ea-single\"><h3 class=\"ea-header\"><a class=\"collapsed\" id=\"ea-header-333648\" role=\"button\" data-sptoggle=\"spcollapse\" data-sptarget=\"#collapse333648\" aria-controls=\"collapse333648\" href=\"#\" aria-expanded=\"false\" tabindex=\"0\"><i aria-hidden=\"true\" role=\"presentation\" class=\"ea-expand-icon eap-icon-ea-expand-plus\"><\/i> Gdzie znajd\u0119 informacj\u0119 o tzw. \"Bia\u0142ych plamach\"? <\/a><\/h3><div class=\"sp-collapse spcollapse \" id=\"collapse333648\" data-parent=\"#sp-ea-3336\" role=\"region\" aria-labelledby=\"ea-header-333648\"> <div class=\"ea-body\"><span data-teams=\"true\">Wykaz miejscowo\u015bci bez um\u00f3w na lekarza POZ znajduje si\u0119 w za\u0142\u0105czniku <a href=\"https:\/\/feniks.nfz.gov.pl\/wp-content\/uploads\/2026\/03\/Biale-plamy-2026.xlsx\">Bia\u0142e plamy 2026<\/a><\/span><\/div><\/div><\/div><div class=\"ea-card sp-ea-single\"><h3 class=\"ea-header\"><a class=\"collapsed\" id=\"ea-header-333649\" role=\"button\" data-sptoggle=\"spcollapse\" data-sptarget=\"#collapse333649\" aria-controls=\"collapse333649\" href=\"#\" aria-expanded=\"false\" tabindex=\"0\"><i aria-hidden=\"true\" role=\"presentation\" class=\"ea-expand-icon eap-icon-ea-expand-plus\"><\/i> Co powinno znale\u017a\u0107 si\u0119 w uzasadnieniu o\u015bwiadczenie Wnioskodawcy o zgodno\u015bci z przepisami o pomocy publiczne?<\/a><\/h3><div class=\"sp-collapse spcollapse \" id=\"collapse333649\" data-parent=\"#sp-ea-3336\" role=\"region\" aria-labelledby=\"ea-header-333649\"> <div class=\"ea-body\"><span data-teams=\"true\">Z informacji przedstawionych przez Wnioskuj\u0105cego musi wynika\u0107, czy podmiot prowadzi dzia\u0142alno\u015b\u0107 gospodarcz\u0105 lub niegospodarcz\u0105 i konieczne jest tak\u017ce przedstawienie wyczerpuj\u0105cych informacji pozwalaj\u0105cych na ocen\u0119 zgodno\u015bci z zasadami udzielania pomocy pa\u0144stwa. Jednocze\u015bnie ww. kryterium jest obligatoryjne, w zwi\u0105zku z czym brak jego spe\u0142nienia eliminuje projekt z mo\u017cliwo\u015bci otrzymania wsparcia.\u00a0<\/span><span data-teams=\"true\">Ocena czy dane wsparcie nale\u017cy uzna\u0107 za pomoc publiczn\u0105, odbywa si\u0119 w oparciu o art. 107 ust. 1 Traktatu o funkcjonowaniu Unii Europejskiej, zgodnie z kt\u00f3rym wsparcie dla przedsi\u0119biorcy podlega przepisom dotycz\u0105cym pomocy publicznej, o ile jednocze\u015bnie spe\u0142nia nast\u0119puj\u0105ce przes\u0142anki: <\/span><ul> <li><span data-teams=\"true\">udzielane jest przez pa\u0144stwo lub ze \u015brodk\u00f3w pa\u0144stwowych; <\/span><\/li> <li><span data-teams=\"true\">przedsi\u0119biorca uzyskuje przysporzenie na warunkach korzystniejszych od oferowanych na rynku; <\/span><\/li> <li><span data-teams=\"true\">ma charakter selektywny (uprzywilejowuje okre\u015blonego przedsi\u0119biorc\u0119 lub okre\u015blonych przedsi\u0119biorc\u00f3w albo produkcj\u0119 okre\u015blonych towar\u00f3w);<\/span><\/li> <li><span data-teams=\"true\">grozi zak\u0142\u00f3ceniem lub zak\u0142\u00f3ca konkurencj\u0119 oraz wp\u0142ywa na wymian\u0119 handlow\u0105 mi\u0119dzy pa\u0144stwami cz\u0142onkowskimi Unii Europejskiej. \u00a0<\/span><\/li><\/ul><\/div><\/div><\/div><div class=\"ea-card sp-ea-single\"><h3 class=\"ea-header\"><a class=\"collapsed\" id=\"ea-header-333650\" role=\"button\" data-sptoggle=\"spcollapse\" data-sptarget=\"#collapse333650\" aria-controls=\"collapse333650\" href=\"#\" aria-expanded=\"false\" tabindex=\"0\"><i aria-hidden=\"true\" role=\"presentation\" class=\"ea-expand-icon eap-icon-ea-expand-plus\"><\/i> Jak znale\u017a\u0107 elektroniczn\u0105 skrzynk\u0119 podawcz\u0105 NFZ (ePUAP): NFZ-Centrala\/GrantyPOZ<\/a><\/h3><div class=\"sp-collapse spcollapse \" id=\"collapse333650\" data-parent=\"#sp-ea-3336\" role=\"region\" aria-labelledby=\"ea-header-333650\"> <div class=\"ea-body\">Wnioski nale\u017cy sk\u0142ada\u0107 na skrzynk\u0119 <span data-teams=\"true\">ePUAP: NFZ-Centrala\/GrantyPOZ<\/span>Instrukcja wyszukiwania skrytki znajduje si\u0119 w za\u0142\u0105czniku <a href=\"https:\/\/feniks.nfz.gov.pl\/wp-content\/uploads\/2026\/03\/Instrukcja-wyszukiwania-skrytki-na-epuap.pdf\">Instrukcja wyszukiwania skrytki na epuap<\/a><\/div><\/div><\/div><\/div><\/div>\n\n\n\n<div style=\"height:var(--wp--preset--spacing--70)\" aria-hidden=\"true\" class=\"wp-block-spacer\"><\/div>\n\n\n\n<h1 class=\"wp-block-heading\" style=\"margin-bottom:var(--wp--preset--spacing--40)\">Rozpatrywanie wniosk\u00f3w i og\u0142aszanie wynik\u00f3w przyznania grant\u00f3w<\/h1>\n\n\n\n<style>#sp-ea-3347 .spcollapsing { height: 0; overflow: hidden; transition-property: height;transition-duration: 300ms;}#sp-ea-3347.sp-easy-accordion>.sp-ea-single {margin-bottom: 15px; border: 2px solid #bfe2ff; }#sp-ea-3347.sp-easy-accordion>.sp-ea-single>.ea-header a {color: #000000;}#sp-ea-3347.sp-easy-accordion>.sp-ea-single>.sp-collapse>.ea-body {background: #fff; color: #000000;}#sp-ea-3347.sp-easy-accordion>.sp-ea-single {background: #ffffff;}#sp-ea-3347.sp-easy-accordion>.sp-ea-single>.ea-header a .ea-expand-icon { float: left; color: #0076d1;font-size: 16px;}<\/style><div id=\"sp_easy_accordion-1772190797\"><div id=\"sp-ea-3347\" class=\"sp-ea-one sp-easy-accordion\" data-ea-active=\"ea-click\" data-ea-mode=\"vertical\" data-preloader=\"\" data-scroll-active-item=\"\" data-offset-to-scroll=\"0\"><div class=\"ea-card ea-expand sp-ea-single\"><h3 class=\"ea-header\"><a class=\"collapsed\" id=\"ea-header-33470\" role=\"button\" data-sptoggle=\"spcollapse\" data-sptarget=\"#collapse33470\" aria-controls=\"collapse33470\" href=\"#\" aria-expanded=\"true\" tabindex=\"0\"><i aria-hidden=\"true\" role=\"presentation\" class=\"ea-expand-icon eap-icon-ea-expand-minus\"><\/i> Jakie s\u0105 kryteria przyznawania grant\u00f3w?<\/a><\/h3><div class=\"sp-collapse spcollapse collapsed show\" id=\"collapse33470\" data-parent=\"#sp-ea-3347\" role=\"region\" aria-labelledby=\"ea-header-33470\"> <div class=\"ea-body\">Szczeg\u00f3\u0142owy wykaz kryteri\u00f3w wyboru Grantobiorc\u00f3w okre\u015bla za\u0142\u0105cznik nr 3 do procedury.<\/div><\/div><\/div><div class=\"ea-card sp-ea-single\"><h3 class=\"ea-header\"><a class=\"collapsed\" id=\"ea-header-33471\" role=\"button\" data-sptoggle=\"spcollapse\" data-sptarget=\"#collapse33471\" aria-controls=\"collapse33471\" href=\"#\" aria-expanded=\"false\" tabindex=\"0\"><i aria-hidden=\"true\" role=\"presentation\" class=\"ea-expand-icon eap-icon-ea-expand-plus\"><\/i> W jaki spos\u00f3b ocenianie s\u0105 wnioski?<\/a><\/h3><div class=\"sp-collapse spcollapse \" id=\"collapse33471\" data-parent=\"#sp-ea-3347\" role=\"region\" aria-labelledby=\"ea-header-33471\"> <div class=\"ea-body\">Ocena Wniosku dokonywana jest zgodnie z Arkuszem oceny Wniosku o powierzenie grantu, kt\u00f3rego wz\u00f3r okre\u015blony jest w za\u0142\u0105czniku nr 4 do procedury.<\/div><\/div><\/div><div class=\"ea-card sp-ea-single\"><h3 class=\"ea-header\"><a class=\"collapsed\" id=\"ea-header-33472\" role=\"button\" data-sptoggle=\"spcollapse\" data-sptarget=\"#collapse33472\" aria-controls=\"collapse33472\" href=\"#\" aria-expanded=\"false\" tabindex=\"0\"><i aria-hidden=\"true\" role=\"presentation\" class=\"ea-expand-icon eap-icon-ea-expand-plus\"><\/i> Kiedy i gdzie og\u0142oszone zostan\u0105 wyniki przyznania grant\u00f3w?<\/a><\/h3><div class=\"sp-collapse spcollapse \" id=\"collapse33472\" data-parent=\"#sp-ea-3347\" role=\"region\" aria-labelledby=\"ea-header-33472\"> <div class=\"ea-body\">Lista zostanie opublikowana na stronie internetowej Projektu grantowego, po przeprowadzeniu oceny Wniosk\u00f3w pod k\u0105tem spe\u0142nienia kryteri\u00f3w wyboru Grantobiorcy.<\/div><\/div><\/div><div class=\"ea-card sp-ea-single\"><h3 class=\"ea-header\"><a class=\"collapsed\" id=\"ea-header-33473\" role=\"button\" data-sptoggle=\"spcollapse\" data-sptarget=\"#collapse33473\" aria-controls=\"collapse33473\" href=\"#\" aria-expanded=\"false\" tabindex=\"0\"><i aria-hidden=\"true\" role=\"presentation\" class=\"ea-expand-icon eap-icon-ea-expand-plus\"><\/i> Zosta\u0142em negatywnie oceniony, nie zgadzam si\u0119 z ocen\u0105. Jak wygl\u0105da procedura odwo\u0142awcza?<\/a><\/h3><div class=\"sp-collapse spcollapse \" id=\"collapse33473\" data-parent=\"#sp-ea-3347\" role=\"region\" aria-labelledby=\"ea-header-33473\"> <div class=\"ea-body\">Odwo\u0142anie mo\u017cna z\u0142o\u017cy\u0107 w terminie 14 dni kalendarzowych od dnia publikacji listy. Proces odwo\u0142awczy zosta\u0142 opisany w \u00a7 8. Procedury realizacji projektu grantowego \u201eWsparcie podstawowej opieki zdrowotnej (POZ)\u201d.<\/div><\/div><\/div><\/div><\/div>\n\n\n\n<div style=\"height:var(--wp--preset--spacing--70)\" aria-hidden=\"true\" class=\"wp-block-spacer\"><\/div>\n\n\n\n<h1 class=\"wp-block-heading\" style=\"margin-bottom:var(--wp--preset--spacing--40)\">Podpisanie umowy<\/h1>\n\n\n\n<style>#sp-ea-3348 .spcollapsing { height: 0; overflow: hidden; transition-property: height;transition-duration: 300ms;}#sp-ea-3348.sp-easy-accordion>.sp-ea-single {margin-bottom: 15px; border: 2px solid #bfe2ff; }#sp-ea-3348.sp-easy-accordion>.sp-ea-single>.ea-header a {color: #000000;}#sp-ea-3348.sp-easy-accordion>.sp-ea-single>.sp-collapse>.ea-body {background: #fff; color: #000000;}#sp-ea-3348.sp-easy-accordion>.sp-ea-single {background: #ffffff;}#sp-ea-3348.sp-easy-accordion>.sp-ea-single>.ea-header a .ea-expand-icon { float: left; color: #0076d1;font-size: 16px;}<\/style><div id=\"sp_easy_accordion-1772190894\"><div id=\"sp-ea-3348\" class=\"sp-ea-one sp-easy-accordion\" data-ea-active=\"ea-click\" data-ea-mode=\"vertical\" data-preloader=\"\" data-scroll-active-item=\"\" data-offset-to-scroll=\"0\"><div class=\"ea-card ea-expand sp-ea-single\"><h3 class=\"ea-header\"><a class=\"collapsed\" id=\"ea-header-33480\" role=\"button\" data-sptoggle=\"spcollapse\" data-sptarget=\"#collapse33480\" aria-controls=\"collapse33480\" href=\"#\" aria-expanded=\"true\" tabindex=\"0\"><i aria-hidden=\"true\" role=\"presentation\" class=\"ea-expand-icon eap-icon-ea-expand-minus\"><\/i> Ile czasu ma Wnioskodawca na podpisanie umowy?<\/a><\/h3><div class=\"sp-collapse spcollapse collapsed show\" id=\"collapse33480\" data-parent=\"#sp-ea-3348\" role=\"region\" aria-labelledby=\"ea-header-33480\"> <div class=\"ea-body\">NFZ zawiera umowy z podmiotami zakwalifikowanymi w terminie 30 dni roboczych od dnia opublikowania listy.<\/div><\/div><\/div><div class=\"ea-card sp-ea-single\"><h3 class=\"ea-header\"><a class=\"collapsed\" id=\"ea-header-33481\" role=\"button\" data-sptoggle=\"spcollapse\" data-sptarget=\"#collapse33481\" aria-controls=\"collapse33481\" href=\"#\" aria-expanded=\"false\" tabindex=\"0\"><i aria-hidden=\"true\" role=\"presentation\" class=\"ea-expand-icon eap-icon-ea-expand-plus\"><\/i> Czy mo\u017cna negocjowa\u0107 tre\u015b\u0107 umowy o powierzenie grantu?<\/a><\/h3><div class=\"sp-collapse spcollapse \" id=\"collapse33481\" data-parent=\"#sp-ea-3348\" role=\"region\" aria-labelledby=\"ea-header-33481\"> <div class=\"ea-body\">Wz\u00f3r umowy nie podlega negocjacjom.<\/div><\/div><\/div><div class=\"ea-card sp-ea-single\"><h3 class=\"ea-header\"><a class=\"collapsed\" id=\"ea-header-33482\" role=\"button\" data-sptoggle=\"spcollapse\" data-sptarget=\"#collapse33482\" aria-controls=\"collapse33482\" href=\"#\" aria-expanded=\"false\" tabindex=\"0\"><i aria-hidden=\"true\" role=\"presentation\" class=\"ea-expand-icon eap-icon-ea-expand-plus\"><\/i> Ile wynosi okres realizacji zada\u0144 przez Grantobiorc\u0119 w ramach Projektu grantowego?<\/a><\/h3><div class=\"sp-collapse spcollapse \" id=\"collapse33482\" data-parent=\"#sp-ea-3348\" role=\"region\" aria-labelledby=\"ea-header-33482\"> <div class=\"ea-body\">W ramach niniejszego naboru umowa o powierzenie grantu b\u0119dzie zawierana na okres 12 miesi\u0119cy. W terminie 12 miesi\u0119cy od wskazanego w umowie dnia jej realizacji Grantobiorca powinien zrealizowa\u0107 i rozliczy\u0107 zaplanowane Przedsi\u0119wzi\u0119cie.<\/div><\/div><\/div><div class=\"ea-card sp-ea-single\"><h3 class=\"ea-header\"><a class=\"collapsed\" id=\"ea-header-33483\" role=\"button\" data-sptoggle=\"spcollapse\" data-sptarget=\"#collapse33483\" aria-controls=\"collapse33483\" href=\"#\" aria-expanded=\"false\" tabindex=\"0\"><i aria-hidden=\"true\" role=\"presentation\" class=\"ea-expand-icon eap-icon-ea-expand-plus\"><\/i> Czy przed\u0142u\u017cenie umowy na realizacj\u0119 grantu jest mo\u017cliwe<\/a><\/h3><div class=\"sp-collapse spcollapse \" id=\"collapse33483\" data-parent=\"#sp-ea-3348\" role=\"region\" aria-labelledby=\"ea-header-33483\"> <div class=\"ea-body\">Przed\u0142u\u017cenie realizacji umowy jest mo\u017cliwe wy\u0142\u0105cznie wtedy, kiedy nie ma dzia\u0142ania zawinionego po stronie podmiotu. Wewn\u0119trzne rozliczanie\/ ksi\u0119gowanie, a co wa\u017cne planowanie zakup\u00f3w by zd\u0105\u017cy\u0107 z terminem rozliczenia jest spraw\u0105 podmiotu wy\u0142\u0105cznie od niego zale\u017cn\u0105.<\/div><\/div><\/div><div class=\"ea-card sp-ea-single\"><h3 class=\"ea-header\"><a class=\"collapsed\" id=\"ea-header-33484\" role=\"button\" data-sptoggle=\"spcollapse\" data-sptarget=\"#collapse33484\" aria-controls=\"collapse33484\" href=\"#\" aria-expanded=\"false\" tabindex=\"0\"><i aria-hidden=\"true\" role=\"presentation\" class=\"ea-expand-icon eap-icon-ea-expand-plus\"><\/i> Kto opracowuje za\u0142\u0105czniki do umowy?<\/a><\/h3><div class=\"sp-collapse spcollapse \" id=\"collapse33484\" data-parent=\"#sp-ea-3348\" role=\"region\" aria-labelledby=\"ea-header-33484\"> <div class=\"ea-body\">Grantobiorca.<\/div><\/div><\/div><div class=\"ea-card sp-ea-single\"><h3 class=\"ea-header\"><a class=\"collapsed\" id=\"ea-header-33485\" role=\"button\" data-sptoggle=\"spcollapse\" data-sptarget=\"#collapse33485\" aria-controls=\"collapse33485\" href=\"#\" aria-expanded=\"false\" tabindex=\"0\"><i aria-hidden=\"true\" role=\"presentation\" class=\"ea-expand-icon eap-icon-ea-expand-plus\"><\/i> Czy wszyscy musz\u0105 wype\u0142ni\u0107 i z\u0142o\u017cy\u0107 weksel?<\/a><\/h3><div class=\"sp-collapse spcollapse \" id=\"collapse33485\" data-parent=\"#sp-ea-3348\" role=\"region\" aria-labelledby=\"ea-header-33485\"> <div class=\"ea-body\">Z\u0142o\u017cenie weksla jest niezb\u0119dne do realizacji umowy. Zatem ka\u017cdy Grantobiorca po podpisaniu umowy zobowi\u0105zany jest do z\u0142o\u017cenia osobi\u015bcie w siedzibie OW NFZ wymaganego zabezpieczenia w terminie 7 dni.<\/div><\/div><\/div><div class=\"ea-card sp-ea-single\"><h3 class=\"ea-header\"><a class=\"collapsed\" id=\"ea-header-33486\" role=\"button\" data-sptoggle=\"spcollapse\" data-sptarget=\"#collapse33486\" aria-controls=\"collapse33486\" href=\"#\" aria-expanded=\"false\" tabindex=\"0\"><i aria-hidden=\"true\" role=\"presentation\" class=\"ea-expand-icon eap-icon-ea-expand-plus\"><\/i> Ile wynosi trwa\u0142o\u015b\u0107 przedsi\u0119wzi\u0119cia?<\/a><\/h3><div class=\"sp-collapse spcollapse \" id=\"collapse33486\" data-parent=\"#sp-ea-3348\" role=\"region\" aria-labelledby=\"ea-header-33486\"> <div class=\"ea-body\">Trwa\u0142o\u015b\u0107 przedsi\u0119wzi\u0119cia to 5 lat od momentu kiedy NFZ rozliczy projekt \u2013 zgodnie z umow\u0105 o dofinansowanie projektu. Na obecn\u0105 chwil\u0119 przewidywany koniec projektu to czerwiec 2028 r., zatem okres trwa\u0142o\u015bci to po\u0142owa 2033 r.<\/div><\/div><\/div><div class=\"ea-card sp-ea-single\"><h3 class=\"ea-header\"><a class=\"collapsed\" id=\"ea-header-33487\" role=\"button\" data-sptoggle=\"spcollapse\" data-sptarget=\"#collapse33487\" aria-controls=\"collapse33487\" href=\"#\" aria-expanded=\"false\" tabindex=\"0\"><i aria-hidden=\"true\" role=\"presentation\" class=\"ea-expand-icon eap-icon-ea-expand-plus\"><\/i> Od jakiej daty wydatek mo\u017cna uzna\u0107 za kwalifikowany?<\/a><\/h3><div class=\"sp-collapse spcollapse \" id=\"collapse33487\" data-parent=\"#sp-ea-3348\" role=\"region\" aria-labelledby=\"ea-header-33487\"> <div class=\"ea-body\">Zakupy s\u0105 kwalifikowane od 1 stycznia 2024 r. Prosz\u0119 jednak pami\u0119ta\u0107, \u017ce zakup musi by\u0107 dokonany zgodnie z Zaleceniami Grantodawcy.<\/div><\/div><\/div><\/div><\/div>\n\n\n\n<div style=\"height:var(--wp--preset--spacing--70)\" aria-hidden=\"true\" class=\"wp-block-spacer\"><\/div>\n\n\n\n<h1 class=\"wp-block-heading\" style=\"margin-bottom:var(--wp--preset--spacing--40)\">Udzielanie zam\u00f3wie\u0144 przez grantobiorc\u0119 i klasyfikowanie wydatk\u00f3w<\/h1>\n\n\n\n<style>#sp-ea-3349 .spcollapsing { height: 0; overflow: hidden; transition-property: height;transition-duration: 300ms;}#sp-ea-3349.sp-easy-accordion>.sp-ea-single {margin-bottom: 15px; border: 2px solid #bfe2ff; }#sp-ea-3349.sp-easy-accordion>.sp-ea-single>.ea-header a {color: #000000;}#sp-ea-3349.sp-easy-accordion>.sp-ea-single>.sp-collapse>.ea-body {background: #fff; color: #000000;}#sp-ea-3349.sp-easy-accordion>.sp-ea-single {background: #ffffff;}#sp-ea-3349.sp-easy-accordion>.sp-ea-single>.ea-header a .ea-expand-icon { float: left; color: #0076d1;font-size: 16px;}<\/style><div id=\"sp_easy_accordion-1772191036\"><div id=\"sp-ea-3349\" class=\"sp-ea-one sp-easy-accordion\" data-ea-active=\"ea-click\" data-ea-mode=\"vertical\" data-preloader=\"\" data-scroll-active-item=\"\" data-offset-to-scroll=\"0\"><div class=\"ea-card ea-expand sp-ea-single\"><h3 class=\"ea-header\"><a class=\"collapsed\" id=\"ea-header-33490\" role=\"button\" data-sptoggle=\"spcollapse\" data-sptarget=\"#collapse33490\" aria-controls=\"collapse33490\" href=\"#\" aria-expanded=\"true\" tabindex=\"0\"><i aria-hidden=\"true\" role=\"presentation\" class=\"ea-expand-icon eap-icon-ea-expand-minus\"><\/i> Od jakiej daty wydatek mo\u017cna uzna\u0107 za kwalifikowany?<\/a><\/h3><div class=\"sp-collapse spcollapse collapsed show\" id=\"collapse33490\" data-parent=\"#sp-ea-3349\" role=\"region\" aria-labelledby=\"ea-header-33490\"> <div class=\"ea-body\">Zakupy s\u0105 kwalifikowane od 1 stycznia 2024 r. Prosz\u0119 jednak pami\u0119ta\u0107, ze zakup musi by\u0107 dokonany zgodnie z Zaleceniami Grantodawcy.<\/div><\/div><\/div><div class=\"ea-card sp-ea-single\"><h3 class=\"ea-header\"><a class=\"collapsed\" id=\"ea-header-33491\" role=\"button\" data-sptoggle=\"spcollapse\" data-sptarget=\"#collapse33491\" aria-controls=\"collapse33491\" href=\"#\" aria-expanded=\"false\" tabindex=\"0\"><i aria-hidden=\"true\" role=\"presentation\" class=\"ea-expand-icon eap-icon-ea-expand-plus\"><\/i> Jak poprawnie wykona\u0107 rozeznanie rynku?<\/a><\/h3><div class=\"sp-collapse spcollapse \" id=\"collapse33491\" data-parent=\"#sp-ea-3349\" role=\"region\" aria-labelledby=\"ea-header-33491\"> <div class=\"ea-body\">Aby dokona\u0107 rozeznania rynku nale\u017cy upubliczni\u0107 zapytanie ofertowe na stronie internetowej lub wys\u0142a\u0107 je do co najmniej trzech potencjalnych oferent\u00f3w, mo\u017cliwe jest r\u00f3wnie\u017c pozyskanie cennik\u00f3w ze stron internetowych. Nale\u017cy uzyska\u0107 co najmniej dwie wa\u017cne oferty. Nast\u0119pnie nale\u017cy dokona\u0107 por\u00f3wnania ofert dla potwierdzenia, \u017ce wydatek zosta\u0142 dokonany w spos\u00f3b racjonalny, efektywny i przejrzysty, z zachowaniem zasad uzyskiwania najlepszych efekt\u00f3w z danych nak\u0142ad\u00f3w. Dokumenty z rozeznania rynku powinny by\u0107 opatrzone logo UE. Ten wym\u00f3g nie dotyczy dzia\u0142a\u0144 w projekcie w okresie poprzedzaj\u0105cym moment podpisania umowy o dofinansowanie, tu Grantobiorca nie ma obowi\u0105zku uzupe\u0142nienia odpowiednimi znakami i informacjami dotychczas powsta\u0142ej dokumentacji dotycz\u0105cej przedsi\u0119wzi\u0119cia.<\/div><\/div><\/div><div class=\"ea-card sp-ea-single\"><h3 class=\"ea-header\"><a class=\"collapsed\" id=\"ea-header-33492\" role=\"button\" data-sptoggle=\"spcollapse\" data-sptarget=\"#collapse33492\" aria-controls=\"collapse33492\" href=\"#\" aria-expanded=\"false\" tabindex=\"0\"><i aria-hidden=\"true\" role=\"presentation\" class=\"ea-expand-icon eap-icon-ea-expand-plus\"><\/i> Jak przeprowadzi\u0107 zam\u00f3wienie o warto\u015bci do 80 tys.?<\/a><\/h3><div class=\"sp-collapse spcollapse \" id=\"collapse33492\" data-parent=\"#sp-ea-3349\" role=\"region\" aria-labelledby=\"ea-header-33492\"> <div class=\"ea-body\"><span data-teams=\"true\">Grantobiorca jest zobowi\u0105zany do\u0142o\u017cy\u0107 stara\u0144, by wydawa\u0107 otrzymane \u015brodki w spos\u00f3b przejrzysty, racjonalny i efektywny, a tak\u017ce podj\u0119cia odpowiednich \u015brodk\u00f3w, aby skutecznie zapobiega\u0107 konfliktom interes\u00f3w. Zam\u00f3wienia mo\u017cna udzieli\u0107 w oparciu o skutecznie przeprowadzone i poprawnie udokumentowane <strong>szacowanie warto\u015bci zam\u00f3wienia<\/strong> pod warunkiem, \u017ce zosta\u0142o ono przeprowadzone <strong>nie p\u00f3\u017aniej ni\u017c trzy miesi\u0105ce<\/strong> licz\u0105c od dnia sporz\u0105dzenia notatki z szacowania warto\u015bci zam\u00f3wienia. W przypadku gdy szacowanie przeprowadzono wcze\u015bniej ni\u017c trzy miesi\u0105ce przed udzieleniem zam\u00f3wienia, nale\u017cy je powt\u00f3rzy\u0107 w celu potwierdzenia ceny rynkowej wg zasad opisanych dla szacowania warto\u015bci zam\u00f3wienia, w Zaleceniach Grantodawcy. Mo\u017cna zleci\u0107 wykonanie zam\u00f3wienia wykonawcy, kt\u00f3ry w cennikach przedstawi\u0142 najkorzystniejsz\u0105 ofert\u0119 oraz spe\u0142ni\u0142 inne wymagania okre\u015blone w zapytaniu cenowym. Wyb\u00f3r najkorzystniejszej oferty nale\u017cy uzasadni\u0107 w notatce z przeprowadzonego post\u0119powania.<\/span><\/div><\/div><\/div><div class=\"ea-card sp-ea-single\"><h3 class=\"ea-header\"><a class=\"collapsed\" id=\"ea-header-33493\" role=\"button\" data-sptoggle=\"spcollapse\" data-sptarget=\"#collapse33493\" aria-controls=\"collapse33493\" href=\"#\" aria-expanded=\"false\" tabindex=\"0\"><i aria-hidden=\"true\" role=\"presentation\" class=\"ea-expand-icon eap-icon-ea-expand-plus\"><\/i> Szacowanie warto\u015bci zam\u00f3wienia<\/a><\/h3><div class=\"sp-collapse spcollapse \" id=\"collapse33493\" data-parent=\"#sp-ea-3349\" role=\"region\" aria-labelledby=\"ea-header-33493\"> <div class=\"ea-body\">Celem tego szacowania jest potwierdzenie, \u017ce planowany koszt zadania nie jest wy\u017cszy ni\u017c cena rynkowa.\u00a0Szacowanie nale\u017cy przeprowadzi\u0107 dla ka\u017cdej pozycji wskazanej we wniosku i HRP przed z\u0142o\u017ceniem WNIOSKU.\u00a0<span data-ccp-props=\"{&quot;201341983&quot;:0,&quot;335559739&quot;:160,&quot;335559740&quot;:259}\">\u00a0<\/span>Za skutecznie przeprowadzone szacowanie uznaje si\u0119 pozyskanie co najmniej\u00a02\u00a0ofert (od niepowi\u0105zanych ze sob\u0105 wykonawc\u00f3w lub na podstawie ofert dost\u0119pnych w Internecie). Szacowanie powinno by\u0107 przeprowadzone nawet wtedy, gdy wiadomo, \u017ce istnieje tylko jeden potencjalny wykonawca.<\/div><\/div><\/div><div class=\"ea-card sp-ea-single\"><h3 class=\"ea-header\"><a class=\"collapsed\" id=\"ea-header-33494\" role=\"button\" data-sptoggle=\"spcollapse\" data-sptarget=\"#collapse33494\" aria-controls=\"collapse33494\" href=\"#\" aria-expanded=\"false\" tabindex=\"0\"><i aria-hidden=\"true\" role=\"presentation\" class=\"ea-expand-icon eap-icon-ea-expand-plus\"><\/i> Jak opisa\u0107 przedmiot zam\u00f3wienia?<\/a><\/h3><div class=\"sp-collapse spcollapse \" id=\"collapse33494\" data-parent=\"#sp-ea-3349\" role=\"region\" aria-labelledby=\"ea-header-33494\"> <div class=\"ea-body\"><span data-teams=\"true\">Przedmiot zam\u00f3wienia opisuje si\u0119 w <\/span><ul> <li><span data-teams=\"true\">spos\u00f3b jednoznaczny i wyczerpuj\u0105cy,<\/span><\/li> <li><span data-teams=\"true\">za pomoc\u0105 dok\u0142adnych i zrozumia\u0142ych okre\u015ble\u0144,<\/span><\/li> <li><span data-teams=\"true\">uwzgl\u0119dniaj\u0105c wszystkie wymagania i okoliczno\u015bci mog\u0105ce mie\u0107 wp\u0142yw na sporz\u0105dzenie oferty.<\/span><\/li><\/ul><span data-teams=\"true\">Przedmiotu zam\u00f3wienia nie mo\u017cna opisa\u0107 w spos\u00f3b, kt\u00f3ry m\u00f3g\u0142by utrudnia\u0107 uczciw\u0105 konkurencj\u0119.\u00a0 Je\u017celi nie uzasadnia tego przedmiot zam\u00f3wienia, opis przedmiotu zam\u00f3wienia nie mo\u017ce zawiera\u0107 odniesie\u0144 do znak\u00f3w towarowych, patent\u00f3w lub pochodzenia, \u017ar\u00f3d\u0142a lub szczeg\u00f3lnego procesu, kt\u00f3ry charakteryzuje produkty lub us\u0142ugi dostarczane przez konkretnego wykonawc\u0119, je\u017celi mog\u0142oby to doprowadzi\u0107 do uprzywilejowania lub wyeliminowania niekt\u00f3rych wykonawc\u00f3w lub produkt\u00f3w. W wyj\u0105tkowych przypadkach dopuszcza si\u0119 stosowanie takich odniesie\u0144, je\u017celi niemo\u017cliwe jest opisanie przedmiotu zam\u00f3wienia w wystarczaj\u0105co precyzyjny i zrozumia\u0142y spos\u00f3b.<\/span><span data-teams=\"true\">W przypadku, gdy zamawiaj\u0105cy korzysta z mo\u017cliwo\u015bci zastosowania odniesie\u0144 do specyfikacji technicznych lub norm w\u0142a\u015bciwych dla Europejskiego Obszaru Gospodarczego, nie mo\u017ce on odrzuci\u0107 oferty jako niezgodnej z zapytaniem ofertowym, je\u017celi wykonawca udowodni w swojej ofercie, \u017ce proponowane rozwi\u0105zania w r\u00f3wnowa\u017cnym stopniu spe\u0142niaj\u0105 wymagania okre\u015blone w zapytaniu ofertowym. Takim odniesieniom w opisie przedmiotu zam\u00f3wienia musz\u0105 towarzyszy\u0107 s\u0142owa \u201elub r\u00f3wnowa\u017cne\u201d.<\/span><\/div><\/div><\/div><div class=\"ea-card sp-ea-single\"><h3 class=\"ea-header\"><a class=\"collapsed\" id=\"ea-header-33495\" role=\"button\" data-sptoggle=\"spcollapse\" data-sptarget=\"#collapse33495\" aria-controls=\"collapse33495\" href=\"#\" aria-expanded=\"false\" tabindex=\"0\"><i aria-hidden=\"true\" role=\"presentation\" class=\"ea-expand-icon eap-icon-ea-expand-plus\"><\/i> Czy wydatki w ramach poszczeg\u00f3lnych kategorii powinny by\u0107 sumowane \u0142\u0105cznie, np. sprz\u0119t i wyposa\u017cenie medyczne? Sumujemy wszystkie wskazane pozycje z HRP w ramach kategorii, nawet je\u015bli poszczeg\u00f3lne pozycje by\u0142y wys\u0142ane do r\u00f3\u017cnych oferent\u00f3w?<\/a><\/h3><div class=\"sp-collapse spcollapse \" id=\"collapse33495\" data-parent=\"#sp-ea-3349\" role=\"region\" aria-labelledby=\"ea-header-33495\"> <div class=\"ea-body\">Tak, sumujemy wszystkie pozycje z danej kategorii.<\/div><\/div><\/div><div class=\"ea-card sp-ea-single\"><h3 class=\"ea-header\"><a class=\"collapsed\" id=\"ea-header-33496\" role=\"button\" data-sptoggle=\"spcollapse\" data-sptarget=\"#collapse33496\" aria-controls=\"collapse33496\" href=\"#\" aria-expanded=\"false\" tabindex=\"0\"><i aria-hidden=\"true\" role=\"presentation\" class=\"ea-expand-icon eap-icon-ea-expand-plus\"><\/i> Jak nale\u017cy definiowa\u0107 pozycj\u0119 Zestawienia zakresu rzeczowego o nazwie \u201eZestaw komputerowy\/ All in One\u201d?<\/a><\/h3><div class=\"sp-collapse spcollapse \" id=\"collapse33496\" data-parent=\"#sp-ea-3349\" role=\"region\" aria-labelledby=\"ea-header-33496\"> <div class=\"ea-body\">Jako wydatki kwalifikowane nale\u017cy uzna\u0107:Dla komputera stacjonarnego<ul> <li>jednostka g\u0142\u00f3wna wraz z systemem operacyjnym w modelu OEM oraz z wyposa\u017ceniem wewn\u0119trznym (w tym podzespo\u0142y komputera niezb\u0119dne do poprawnego funkcjonowania)<\/li> <li>monitor 1 szt.<\/li> <li>myszka 1szt.<\/li> <li>klawiatura 1szt.<\/li><\/ul>Dla komputera All In One<ul> <li>jednostka g\u0142\u00f3wna wraz z systemem operacyjnym w modelu OEM oraz z wyposa\u017ceniem wewn\u0119trznym (w tym podzespo\u0142y komputera niezb\u0119dne do poprawnego funkcjonowania)<\/li> <li>myszka 1szt.<\/li> <li>klawiatura 1szt.<\/li><\/ul>Dla komputera przeno\u015bnego notebook<ul> <li>laptop wraz z systemem operacyjnym w modelu OEM oraz z wyposa\u017ceniem wewn\u0119trznym (w tym podzespo\u0142y komputera niezb\u0119dne do poprawnego funkcjonowania)<\/li> <li>stacja dokuj\u0105ca 1szt.<\/li> <li>nap\u0119d CD\/DVD<\/li><\/ul><\/div><\/div><\/div><div class=\"ea-card sp-ea-single\"><h3 class=\"ea-header\"><a class=\"collapsed\" id=\"ea-header-33497\" role=\"button\" data-sptoggle=\"spcollapse\" data-sptarget=\"#collapse33497\" aria-controls=\"collapse33497\" href=\"#\" aria-expanded=\"false\" tabindex=\"0\"><i aria-hidden=\"true\" role=\"presentation\" class=\"ea-expand-icon eap-icon-ea-expand-plus\"><\/i> Czy zakupiony sprz\u0119t mo\u017ce by\u0107 wykorzystywany r\u00f3wnie\u017c w celach komercyjnych i nadal by\u0107 uznanym za kwalifikowalny?<\/a><\/h3><div class=\"sp-collapse spcollapse \" id=\"collapse33497\" data-parent=\"#sp-ea-3349\" role=\"region\" aria-labelledby=\"ea-header-33497\"> <div class=\"ea-body\">Nie jest mo\u017cliwe uzyskiwanie dochodu na sprz\u0119cie sfinansowanym w ramach projektu, r\u00f3wnie\u017c w przypadku wk\u0142adu w\u0142asnego poniesionego na zakup tego sprz\u0119tu.<\/div><\/div><\/div><div class=\"ea-card sp-ea-single\"><h3 class=\"ea-header\"><a class=\"collapsed\" id=\"ea-header-33498\" role=\"button\" data-sptoggle=\"spcollapse\" data-sptarget=\"#collapse33498\" aria-controls=\"collapse33498\" href=\"#\" aria-expanded=\"false\" tabindex=\"0\"><i aria-hidden=\"true\" role=\"presentation\" class=\"ea-expand-icon eap-icon-ea-expand-plus\"><\/i> Czy jest mo\u017cliwo\u015b\u0107 zakupu licencji na oprogramowanie w ramach grantu?<\/a><\/h3><div class=\"sp-collapse spcollapse \" id=\"collapse33498\" data-parent=\"#sp-ea-3349\" role=\"region\" aria-labelledby=\"ea-header-33498\"> <div class=\"ea-body\">Tak, je\u017celi wydatek zosta\u0142 przewidziany w umowie o powierzenie grantu i zafakturowany, odebrany oraz op\u0142acony w okresie realizacji przedsi\u0119wzi\u0119cia. Dopuszczane s\u0105 wydatki jednorazowe za ca\u0142y okres wykupionej licencji oraz okresowe jednak tylko poniesione do dnia zako\u0144czenia przedsi\u0119wzi\u0119cia.<\/div><\/div><\/div><div class=\"ea-card sp-ea-single\"><h3 class=\"ea-header\"><a class=\"collapsed\" id=\"ea-header-33499\" role=\"button\" data-sptoggle=\"spcollapse\" data-sptarget=\"#collapse33499\" aria-controls=\"collapse33499\" href=\"#\" aria-expanded=\"false\" tabindex=\"0\"><i aria-hidden=\"true\" role=\"presentation\" class=\"ea-expand-icon eap-icon-ea-expand-plus\"><\/i> Czy zakupione oprogramowanie mo\u017ce by\u0107 u\u017cywane w miejscach innych ni\u017c miejsce udzielania \u015bwiadcze\u0144?<\/a><\/h3><div class=\"sp-collapse spcollapse \" id=\"collapse33499\" data-parent=\"#sp-ea-3349\" role=\"region\" aria-labelledby=\"ea-header-33499\"> <div class=\"ea-body\">Oprogramowanie zakupione w ramach Przedsi\u0119wzi\u0119cia powinno obejmowa\u0107 swoim dzia\u0142aniem wy\u0142\u0105cznie miejsce udzielania \u015bwiadcze\u0144 oraz \u015bwiadczenia w ramach POZ.<\/div><\/div><\/div><div class=\"ea-card sp-ea-single\"><h3 class=\"ea-header\"><a class=\"collapsed\" id=\"ea-header-334910\" role=\"button\" data-sptoggle=\"spcollapse\" data-sptarget=\"#collapse334910\" aria-controls=\"collapse334910\" href=\"#\" aria-expanded=\"false\" tabindex=\"0\"><i aria-hidden=\"true\" role=\"presentation\" class=\"ea-expand-icon eap-icon-ea-expand-plus\"><\/i> Czy mog\u0119 kupi\u0107 rozszerzenie licencji KS-SOMED o kolejne stanowiska do obs\u0142ugi pacjent\u00f3w w ramach opieki koordynowanej, a potem wykupi\u0107 aktualizacje ca\u0142ego oprogramowania na okres trwa\u0142o\u015bci projektu? Czy taki wydatek b\u0119dzie kwalifikowany?<\/a><\/h3><div class=\"sp-collapse spcollapse \" id=\"collapse334910\" data-parent=\"#sp-ea-3349\" role=\"region\" aria-labelledby=\"ea-header-334910\"> <div class=\"ea-body\">Wydatek kwalifikowalny stanowi wy\u0142\u0105cznie zakup oprogramowania, a nie jego aktualizacja.<\/div><\/div><\/div><div class=\"ea-card sp-ea-single\"><h3 class=\"ea-header\"><a class=\"collapsed\" id=\"ea-header-334911\" role=\"button\" data-sptoggle=\"spcollapse\" data-sptarget=\"#collapse334911\" aria-controls=\"collapse334911\" href=\"#\" aria-expanded=\"false\" tabindex=\"0\"><i aria-hidden=\"true\" role=\"presentation\" class=\"ea-expand-icon eap-icon-ea-expand-plus\"><\/i> Czy VAT jest kosztem kwalifikowalnym?<\/a><\/h3><div class=\"sp-collapse spcollapse \" id=\"collapse334911\" data-parent=\"#sp-ea-3349\" role=\"region\" aria-labelledby=\"ea-header-334911\"> <div class=\"ea-body\">VAT stanowi koszt kwalifikowalny, mo\u017cna zap\u0142aci\u0107 go z pomoc\u0105 zaliczki\/podlega refundacji. Wyj\u0105tek stanowi\u0105 przypadki gdzie istnieje prawna mo\u017cliwo\u015b\u0107 odliczenia podatku VAT przez Grantobiorce<\/div><\/div><\/div><div class=\"ea-card sp-ea-single\"><h3 class=\"ea-header\"><a class=\"collapsed\" id=\"ea-header-334912\" role=\"button\" data-sptoggle=\"spcollapse\" data-sptarget=\"#collapse334912\" aria-controls=\"collapse334912\" href=\"#\" aria-expanded=\"false\" tabindex=\"0\"><i aria-hidden=\"true\" role=\"presentation\" class=\"ea-expand-icon eap-icon-ea-expand-plus\"><\/i> Jakie wydatki w szczeg\u00f3lno\u015bci uznaje si\u0119 za niekwalifikowalne?<\/a><\/h3><div class=\"sp-collapse spcollapse \" id=\"collapse334912\" data-parent=\"#sp-ea-3349\" role=\"region\" aria-labelledby=\"ea-header-334912\"> <div class=\"ea-body\">Przyk\u0142adowe koszty niekwalifikowalne:<ul> <li>finansowanie wydatk\u00f3w z innych \u017ar\u00f3de\u0142 \u2013 po\u017cyczka,<\/li> <li>kredyt,<\/li> <li>darowizna,<\/li> <li>zap\u0142ata przez inn\u0105 osob\u0119 niezwi\u0105zan\u0105 z prowadzon\u0105 dzia\u0142alno\u015bci\u0105,<\/li><\/ul><\/div><\/div><\/div><div class=\"ea-card sp-ea-single\"><h3 class=\"ea-header\"><a class=\"collapsed\" id=\"ea-header-334913\" role=\"button\" data-sptoggle=\"spcollapse\" data-sptarget=\"#collapse334913\" aria-controls=\"collapse334913\" href=\"#\" aria-expanded=\"false\" tabindex=\"0\"><i aria-hidden=\"true\" role=\"presentation\" class=\"ea-expand-icon eap-icon-ea-expand-plus\"><\/i> Czy istnieje mo\u017cliwo\u015b\u0107 zmniejszenia wymaga\u0144 dotycz\u0105cych klasy po\u015blizgowej powierzchni poziomej opisanej w Standardzie Dost\u0119pno\u015bci POZ?<\/a><\/h3><div class=\"sp-collapse spcollapse \" id=\"collapse334913\" data-parent=\"#sp-ea-3349\" role=\"region\" aria-labelledby=\"ea-header-334913\"> <div class=\"ea-body\">Klasa po\u015blizgowa powierzchni poziomej R11, jaka zosta\u0142a zawarta we wskazanych Standardach Dost\u0119pno\u015bci POZ, stanowi parametr, jaki jest po\u017c\u0105dany i rekomendowany przez ekspert\u00f3w w zakresie dost\u0119pno\u015bci architektonicznej. Niemniej jednak Grantodawca dopuszcza mo\u017cliwo\u015b\u0107 zastosowania posadzki o klasie po\u015blizgowej R10. Klasa po\u015blizgowa R10 r\u00f3wnie\u017c posiada wysokie w\u0142a\u015bciwo\u015bci antypo\u015blizgowe.<\/div><\/div><\/div><div class=\"ea-card sp-ea-single\"><h3 class=\"ea-header\"><a class=\"collapsed\" id=\"ea-header-334914\" role=\"button\" data-sptoggle=\"spcollapse\" data-sptarget=\"#collapse334914\" aria-controls=\"collapse334914\" href=\"#\" aria-expanded=\"false\" tabindex=\"0\"><i aria-hidden=\"true\" role=\"presentation\" class=\"ea-expand-icon eap-icon-ea-expand-plus\"><\/i> Czy sprz\u0119t zakupiony w ramach projektu mo\u017ce by\u0107 wykorzystywany przez AOS? <\/a><\/h3><div class=\"sp-collapse spcollapse \" id=\"collapse334914\" data-parent=\"#sp-ea-3349\" role=\"region\" aria-labelledby=\"ea-header-334914\"> <div class=\"ea-body\">Sprz\u0119t musi by\u0107 wykorzystywany wy\u0142\u0105cznie do udzielania \u015bwiadcze\u0144 w POZ.<\/div><\/div><\/div><div class=\"ea-card sp-ea-single\"><h3 class=\"ea-header\"><a class=\"collapsed\" id=\"ea-header-334915\" role=\"button\" data-sptoggle=\"spcollapse\" data-sptarget=\"#collapse334915\" aria-controls=\"collapse334915\" href=\"#\" aria-expanded=\"false\" tabindex=\"0\"><i aria-hidden=\"true\" role=\"presentation\" class=\"ea-expand-icon eap-icon-ea-expand-plus\"><\/i> Czy na zakupionym sprz\u0119cie mo\u017cna wykonywa\u0107 badania komercyjne? <\/a><\/h3><div class=\"sp-collapse spcollapse \" id=\"collapse334915\" data-parent=\"#sp-ea-3349\" role=\"region\" aria-labelledby=\"ea-header-334915\"> <div class=\"ea-body\">Sprz\u0119tu nie mo\u017cna wykorzystywa\u0107 stricte komercyjnie, natomiast cz\u0119\u015b\u0107 budowlana mo\u017ce by\u0107 wykorzystywana na potrzeby realizacji \u015bwiadcze\u0144 zdrowotnych w ramach kontraktu z NFZ i pacjent\u00f3w komercyjnych.<\/div><\/div><\/div><div class=\"ea-card sp-ea-single\"><h3 class=\"ea-header\"><a class=\"collapsed\" id=\"ea-header-334916\" role=\"button\" data-sptoggle=\"spcollapse\" data-sptarget=\"#collapse334916\" aria-controls=\"collapse334916\" href=\"#\" aria-expanded=\"false\" tabindex=\"0\"><i aria-hidden=\"true\" role=\"presentation\" class=\"ea-expand-icon eap-icon-ea-expand-plus\"><\/i> Czy meble medyczne musz\u0105 spe\u0142nia\u0107 konkretne wymagania i jakie, by zakup by\u0142 kwalifikowalny? <\/a><\/h3><div class=\"sp-collapse spcollapse \" id=\"collapse334916\" data-parent=\"#sp-ea-3349\" role=\"region\" aria-labelledby=\"ea-header-334916\"> <div class=\"ea-body\">Meble medyczne musz\u0105 by\u0107 zgodne z Rozporz\u0105dzeniem Ministra Zdrowia z 26 marca 2019 r. w sprawie szczeg\u00f3\u0142owych wymaga\u0144, jakim powinny odpowiada\u0107 pomieszczenia i urz\u0105dzenia podmiotu wykonuj\u0105cego dzia\u0142alno\u015b\u0107 lecznicz\u0105 oraz wytycznymi zawartymi w Standardach Dost\u0119pno\u015bci dla POZ.<\/div><\/div><\/div><div class=\"ea-card sp-ea-single\"><h3 class=\"ea-header\"><a class=\"collapsed\" id=\"ea-header-334917\" role=\"button\" data-sptoggle=\"spcollapse\" data-sptarget=\"#collapse334917\" aria-controls=\"collapse334917\" href=\"#\" aria-expanded=\"false\" tabindex=\"0\"><i aria-hidden=\"true\" role=\"presentation\" class=\"ea-expand-icon eap-icon-ea-expand-plus\"><\/i> Zapobieganie konfliktowi interes\u00f3w<\/a><\/h3><div class=\"sp-collapse spcollapse \" id=\"collapse334917\" data-parent=\"#sp-ea-3349\" role=\"region\" aria-labelledby=\"ea-header-334917\"> <div class=\"ea-body\"><span class=\"TextRun SCXW243188256\" lang=\"PL-PL\" xml:lang=\"PL-PL\"><span class=\"NormalTextRun SCXW243188256\">W celu zapewnienia bezstronno\u015bci, zam\u00f3wienia nie mo\u017cna udziela\u0107 podmiotom, z kt\u00f3rymi jest si\u0119 powi\u0105zanym osobowo lub kapita\u0142owo.\u00a0<\/span><\/span><span class=\"TextRun SCXW243188256\" lang=\"PL-PL\" xml:lang=\"PL-PL\"><span class=\"SpellingError SCXW243188256\">Grantobiorca<\/span><\/span><span class=\"TextRun SCXW243188256\" lang=\"PL-PL\" xml:lang=\"PL-PL\"><span class=\"NormalTextRun SCXW243188256\">\u00a0jest zobowi\u0105zany do podj\u0119cia \u015brodk\u00f3w zapobiegaj\u0105cych i likwiduj\u0105cych konflikty interes\u00f3w. Nale\u017cy\u00a0<\/span><\/span><span class=\"TextRun SCXW243188256\" lang=\"PL-PL\" xml:lang=\"PL-PL\"><span class=\"NormalTextRun SCXW243188256\">ka\u017cdorazowo<\/span><\/span><span class=\"TextRun SCXW243188256\" lang=\"PL-PL\" xml:lang=\"PL-PL\"><span class=\"NormalTextRun SCXW243188256\">\u00a0z\u0142o\u017cy\u0107 \u201eO\u015bwiadczenia o braku powi\u0105za\u0144 osobowych i kapita\u0142owych\u201d, tj.:<\/span><\/span><ul> <li>o\u015bwiadczenie o braku powi\u0105za\u0144 z wybranym wykonawc\u0105 \u2013 wraz z osobami zaanga\u017cowanymi w wyb\u00f3r wykonawcy.<\/li> <li>o\u015bwiadczenie o braku powi\u0105za\u0144 z Zamawiaj\u0105cym podpisane przez wykonawc\u0119.<span data-ccp-props=\"{&quot;134233279&quot;:true,&quot;201341983&quot;:0,&quot;335559739&quot;:160,&quot;335559740&quot;:259}\">\u00a0<\/span><\/li><\/ul><\/div><\/div><\/div><\/div><\/div>\n\n\n\n<div style=\"height:var(--wp--preset--spacing--70)\" aria-hidden=\"true\" class=\"wp-block-spacer\"><\/div>\n\n\n\n<h1 class=\"wp-block-heading\" style=\"margin-bottom:var(--wp--preset--spacing--40)\">Obowi\u0105zki informacyjno-promocyjne grantobiorcy<\/h1>\n\n\n\n<style>#sp-ea-3350 .spcollapsing { height: 0; overflow: hidden; transition-property: height;transition-duration: 300ms;}#sp-ea-3350.sp-easy-accordion>.sp-ea-single {margin-bottom: 15px; border: 2px solid #bfe2ff; }#sp-ea-3350.sp-easy-accordion>.sp-ea-single>.ea-header a {color: #000000;}#sp-ea-3350.sp-easy-accordion>.sp-ea-single>.sp-collapse>.ea-body {background: #fff; color: #000000;}#sp-ea-3350.sp-easy-accordion>.sp-ea-single {background: #ffffff;}#sp-ea-3350.sp-easy-accordion>.sp-ea-single>.ea-header a .ea-expand-icon { float: left; color: #0076d1;font-size: 16px;}<\/style><div id=\"sp_easy_accordion-1772191454\"><div id=\"sp-ea-3350\" class=\"sp-ea-one sp-easy-accordion\" data-ea-active=\"ea-click\" data-ea-mode=\"vertical\" data-preloader=\"\" data-scroll-active-item=\"\" data-offset-to-scroll=\"0\"><div class=\"ea-card ea-expand sp-ea-single\"><h3 class=\"ea-header\"><a class=\"collapsed\" id=\"ea-header-33500\" role=\"button\" data-sptoggle=\"spcollapse\" data-sptarget=\"#collapse33500\" aria-controls=\"collapse33500\" href=\"#\" aria-expanded=\"true\" tabindex=\"0\"><i aria-hidden=\"true\" role=\"presentation\" class=\"ea-expand-icon eap-icon-ea-expand-minus\"><\/i> Jakie s\u0105 obowi\u0105zki informacyjno-promocyjne Grantobiorcy?<\/a><\/h3><div class=\"sp-collapse spcollapse collapsed show\" id=\"collapse33500\" data-parent=\"#sp-ea-3350\" role=\"region\" aria-labelledby=\"ea-header-33500\"> <div class=\"ea-body\"><span data-teams=\"true\"> Opis obowi\u0105zk\u00f3w znale\u017a\u0107 mo\u017cna: <a id=\"menur36h9\" class=\"fui-Link ___1q1shib f2hkw1w f3rmtva f1ewtqcl fyind8e f1k6fduh f1w7gpdv fk6fouc fjoy568 figsok6 f1s184ao f1mk8lai fnbmjn9 f1o700av f13mvf36 f1cmlufx f9n3di6 f1ids18y f1tx3yz7 f1deo86v f1eh06m1 f1iescvh fhgqx19 f1olyrje f1p93eir f1nev41a f1h8hb77 f1lqvz6u f10aw75t fsle3fq f17ae5zn\" title=\"https:\/\/feniks.nfz.gov.pl\/index.php\/obowiazki-informacyjno-promocyjne-grantobiorcy\/\" href=\"https:\/\/feniks.nfz.gov.pl\/index.php\/obowiazki-informacyjno-promocyjne-grantobiorcy\/\" target=\"_blank\" rel=\"noreferrer noopener\" aria-label=\"Link Obowi\u0105zki informacyjno-promocyjne Grantobiorcy \u2013 feniks\">Obowi\u0105zki informacyjno-promocyjne Grantobiorcy \u2013 feniks<\/a><\/span><\/div><\/div><\/div><div class=\"ea-card sp-ea-single\"><h3 class=\"ea-header\"><a class=\"collapsed\" id=\"ea-header-33501\" role=\"button\" data-sptoggle=\"spcollapse\" data-sptarget=\"#collapse33501\" aria-controls=\"collapse33501\" href=\"#\" aria-expanded=\"false\" tabindex=\"0\"><i aria-hidden=\"true\" role=\"presentation\" class=\"ea-expand-icon eap-icon-ea-expand-plus\"><\/i> Czy na sprz\u0119cie typu stetoskop jest konieczne oznaczenie?<\/a><\/h3><div class=\"sp-collapse spcollapse \" id=\"collapse33501\" data-parent=\"#sp-ea-3350\" role=\"region\" aria-labelledby=\"ea-header-33501\"> <div class=\"ea-body\">W przypadku zakupu sprz\u0119tu codziennego u\u017cytku, np. stetoskopu, na kt\u00f3rym ze wzgl\u0119du na jego charakter nie jest mo\u017cliwe trwa\u0142e i czytelne umieszczenie naklejki, dopuszcza si\u0119 odst\u0105pienie od jej naklejania.<\/div><\/div><\/div><\/div><\/div>\n\n\n\n<div style=\"height:var(--wp--preset--spacing--70)\" aria-hidden=\"true\" class=\"wp-block-spacer\"><\/div>\n\n\n\n<h1 class=\"wp-block-heading\" style=\"margin-bottom:var(--wp--preset--spacing--40)\">Przekazanie i rozliczenie grantu<\/h1>\n\n\n\n<style>#sp-ea-3351 .spcollapsing { height: 0; overflow: hidden; transition-property: height;transition-duration: 300ms;}#sp-ea-3351.sp-easy-accordion>.sp-ea-single {margin-bottom: 15px; border: 2px solid #bfe2ff; }#sp-ea-3351.sp-easy-accordion>.sp-ea-single>.ea-header a {color: #000000;}#sp-ea-3351.sp-easy-accordion>.sp-ea-single>.sp-collapse>.ea-body {background: #fff; color: #000000;}#sp-ea-3351.sp-easy-accordion>.sp-ea-single {background: #ffffff;}#sp-ea-3351.sp-easy-accordion>.sp-ea-single>.ea-header a .ea-expand-icon { float: left; color: #0076d1;font-size: 16px;}<\/style><div id=\"sp_easy_accordion-1772191489\"><div id=\"sp-ea-3351\" class=\"sp-ea-one sp-easy-accordion\" data-ea-active=\"ea-click\" data-ea-mode=\"vertical\" data-preloader=\"\" data-scroll-active-item=\"\" data-offset-to-scroll=\"0\"><div class=\"ea-card ea-expand sp-ea-single\"><h3 class=\"ea-header\"><a class=\"collapsed\" id=\"ea-header-33510\" role=\"button\" data-sptoggle=\"spcollapse\" data-sptarget=\"#collapse33510\" aria-controls=\"collapse33510\" href=\"#\" aria-expanded=\"true\" tabindex=\"0\"><i aria-hidden=\"true\" role=\"presentation\" class=\"ea-expand-icon eap-icon-ea-expand-minus\"><\/i> Na co zwr\u00f3ci\u0107 uwag\u0119 przy sk\u0142adaniu wniosku o zaliczk\u0119?<\/a><\/h3><div class=\"sp-collapse spcollapse collapsed show\" id=\"collapse33510\" data-parent=\"#sp-ea-3351\" role=\"region\" aria-labelledby=\"ea-header-33510\"> <div class=\"ea-body\">Szczeg\u00f3lnie prosz\u0119 zwr\u00f3ci\u0107 uwag\u0119 na:<ul> <li>Nazw\u0119 podmiotu Grantobiorcy,<\/li> <li>Oznaczenie numeru wniosku,<\/li> <li>Zaznaczenie \u201ezaliczki\u201d oraz okresu na jaki wydatki maj\u0105 by\u0107 dokonane,<\/li> <li>Poprawne oznaczenie kwoty zaliczki,<\/li> <li>Podpisanie dokumentu przez osob\u0119 upowa\u017cnion\u0105 do reprezentowania podmiotu.<\/li><\/ul><\/div><\/div><\/div><div class=\"ea-card sp-ea-single\"><h3 class=\"ea-header\"><a class=\"collapsed\" id=\"ea-header-33511\" role=\"button\" data-sptoggle=\"spcollapse\" data-sptarget=\"#collapse33511\" aria-controls=\"collapse33511\" href=\"#\" aria-expanded=\"false\" tabindex=\"0\"><i aria-hidden=\"true\" role=\"presentation\" class=\"ea-expand-icon eap-icon-ea-expand-plus\"><\/i> W jakiej formie przekazywany jest grant?<\/a><\/h3><div class=\"sp-collapse spcollapse \" id=\"collapse33511\" data-parent=\"#sp-ea-3351\" role=\"region\" aria-labelledby=\"ea-header-33511\"> <div class=\"ea-body\">\u015arodki grantu przekazywane s\u0105 jako:<ul> <li>Refundacja poniesionych przez Grantobiorc\u0119 wydatk\u00f3w.<\/li> <li>Zaliczka na wydatki projektowe.<\/li><\/ul><\/div><\/div><\/div><div class=\"ea-card sp-ea-single\"><h3 class=\"ea-header\"><a class=\"collapsed\" id=\"ea-header-33512\" role=\"button\" data-sptoggle=\"spcollapse\" data-sptarget=\"#collapse33512\" aria-controls=\"collapse33512\" href=\"#\" aria-expanded=\"false\" tabindex=\"0\"><i aria-hidden=\"true\" role=\"presentation\" class=\"ea-expand-icon eap-icon-ea-expand-plus\"><\/i> Jak wysoka mo\u017ce by\u0107 pierwsza zaliczka?<\/a><\/h3><div class=\"sp-collapse spcollapse \" id=\"collapse33512\" data-parent=\"#sp-ea-3351\" role=\"region\" aria-labelledby=\"ea-header-33512\"> <div class=\"ea-body\">Pierwsza zaliczka nie mo\u017ce przekracza\u0107 80% warto\u015bci grantu. Na Wniosek Grantobiorcy, mo\u017cliwa jest wyp\u0142ata pierwszej zaliczki w wysoko\u015bci przekraczaj\u0105cej 80% ca\u0142kowitej warto\u015bci przyznanego grantu. Taka wyp\u0142ata wymaga pisemnego uzasadnienia przedstawionego przez Grantobiorc\u0119 oraz odpowiedniego udokumentowania potrzeb finansowych zwi\u0105zanych z realizacj\u0105 przedsi\u0119wzi\u0119cia. Decyzja o przyznaniu wy\u017cszej zaliczki podejmowana jest indywidualnie przez Kierownika Projektu.<\/div><\/div><\/div><div class=\"ea-card sp-ea-single\"><h3 class=\"ea-header\"><a class=\"collapsed\" id=\"ea-header-33513\" role=\"button\" data-sptoggle=\"spcollapse\" data-sptarget=\"#collapse33513\" aria-controls=\"collapse33513\" href=\"#\" aria-expanded=\"false\" tabindex=\"0\"><i aria-hidden=\"true\" role=\"presentation\" class=\"ea-expand-icon eap-icon-ea-expand-plus\"><\/i> Kiedy mo\u017cna z\u0142o\u017cy\u0107 kolejne zapotrzebowanie na \u015brodki i otrzyma\u0107 kolejn\u0105 zaliczk\u0119?<\/a><\/h3><div class=\"sp-collapse spcollapse \" id=\"collapse33513\" data-parent=\"#sp-ea-3351\" role=\"region\" aria-labelledby=\"ea-header-33513\"> <div class=\"ea-body\">Aby m\u00f3c otrzyma\u0107 kolejn\u0105 zaliczk\u0119 nale\u017cy rozliczy\u0107 co najmniej 70% \u015brodk\u00f3w poprzedniej zaliczki. Nie wlicza si\u0119 w to wydatk\u00f3w obj\u0119tych refundacj\u0105.<\/div><\/div><\/div><div class=\"ea-card sp-ea-single\"><h3 class=\"ea-header\"><a class=\"collapsed\" id=\"ea-header-33514\" role=\"button\" data-sptoggle=\"spcollapse\" data-sptarget=\"#collapse33514\" aria-controls=\"collapse33514\" href=\"#\" aria-expanded=\"false\" tabindex=\"0\"><i aria-hidden=\"true\" role=\"presentation\" class=\"ea-expand-icon eap-icon-ea-expand-plus\"><\/i> Kiedy wydatek uznaje si\u0119 za rozliczony?<\/a><\/h3><div class=\"sp-collapse spcollapse \" id=\"collapse33514\" data-parent=\"#sp-ea-3351\" role=\"region\" aria-labelledby=\"ea-header-33514\"> <div class=\"ea-body\">Rozliczenie wydatk\u00f3w nast\u0119puje przez zatwierdzenie sprawozdania przez oddzia\u0142 wojew\u00f3dzki lub\/i zwrot \u015brodk\u00f3w do NFZ.<\/div><\/div><\/div><div class=\"ea-card sp-ea-single\"><h3 class=\"ea-header\"><a class=\"collapsed\" id=\"ea-header-33515\" role=\"button\" data-sptoggle=\"spcollapse\" data-sptarget=\"#collapse33515\" aria-controls=\"collapse33515\" href=\"#\" aria-expanded=\"false\" tabindex=\"0\"><i aria-hidden=\"true\" role=\"presentation\" class=\"ea-expand-icon eap-icon-ea-expand-plus\"><\/i> W jakich wypadkach podmiot mo\u017ce nie otrzyma\u0107 zaliczki?<\/a><\/h3><div class=\"sp-collapse spcollapse \" id=\"collapse33515\" data-parent=\"#sp-ea-3351\" role=\"region\" aria-labelledby=\"ea-header-33515\"> <div class=\"ea-body\"><ul> <li>Gdy nie ma zatwierdzonego sprawozdania przez oddzia\u0142 wojew\u00f3dzki. (W przypadku gdy zaliczka\/suma zaliczek wynosi\u0142a min 70% warto\u015bci grantu)<\/li> <li>Gdy nie dokona\u0142 zwrotu niewykorzystanej cz\u0119\u015bci zaliczki lub warto\u015bci zakwestionowanych wydatk\u00f3w. (W przypadku gdy zaliczka\/suma zaliczek wynosi\u0142a min 70% warto\u015bci grantu)<\/li> <li>NFZ nie ma ju\u017c dost\u0119pnych \u015brodk\u00f3w na wyp\u0142at\u0119 zaliczek.<\/li> <li>Wniosek jest niekompletny lub niepoprawny.<\/li> <li>Wniosek jest niezgodny z Harmonogramem P\u0142atno\u015bci.<\/li><\/ul><\/div><\/div><\/div><div class=\"ea-card sp-ea-single\"><h3 class=\"ea-header\"><a class=\"collapsed\" id=\"ea-header-33516\" role=\"button\" data-sptoggle=\"spcollapse\" data-sptarget=\"#collapse33516\" aria-controls=\"collapse33516\" href=\"#\" aria-expanded=\"false\" tabindex=\"0\"><i aria-hidden=\"true\" role=\"presentation\" class=\"ea-expand-icon eap-icon-ea-expand-plus\"><\/i> Gdzie podmioty otrzymuj\u0105 zaliczk\u0119?<\/a><\/h3><div class=\"sp-collapse spcollapse \" id=\"collapse33516\" data-parent=\"#sp-ea-3351\" role=\"region\" aria-labelledby=\"ea-header-33516\"> <div class=\"ea-body\">Na wskazane w Umowie konto dedykowane do realizacji Przedsi\u0119wzi\u0119cia. Pieni\u0105dze zostan\u0105 przekazane po z\u0142o\u017ceniu zapotrzebowania na \u015brodki. Konto s\u0142u\u017cy jedynie do op\u0142acania Faktur i nie powinny znajdowa\u0107 si\u0119 tam inne \u015brodki. Ka\u017cdorazowo wyci\u0105g z konta stanowi za\u0142\u0105cznik do sprawozdania.<\/div><\/div><\/div><div class=\"ea-card sp-ea-single\"><h3 class=\"ea-header\"><a class=\"collapsed\" id=\"ea-header-33517\" role=\"button\" data-sptoggle=\"spcollapse\" data-sptarget=\"#collapse33517\" aria-controls=\"collapse33517\" href=\"#\" aria-expanded=\"false\" tabindex=\"0\"><i aria-hidden=\"true\" role=\"presentation\" class=\"ea-expand-icon eap-icon-ea-expand-plus\"><\/i> Czego nie wolno robi\u0107 z zaliczk\u0105?<\/a><\/h3><div class=\"sp-collapse spcollapse \" id=\"collapse33517\" data-parent=\"#sp-ea-3351\" role=\"region\" aria-labelledby=\"ea-header-33517\"> <div class=\"ea-body\"><ul> <li>Dokonywa\u0107 przelew\u00f3w bankowych, p\u0142atno\u015bci internetowych ani wyp\u0142aty got\u00f3wki na cele inne ni\u017c zap\u0142ata za faktury VAT zw. z realizacj\u0105 Przedsi\u0119wzi\u0119cia.<\/li> <li>Przekazywa\u0107 \u015brodk\u00f3w na lokat\u0119.<\/li> <li>Przelewa\u0107 \u015brodki na w\u0142asne konto.<\/li><\/ul><\/div><\/div><\/div><div class=\"ea-card sp-ea-single\"><h3 class=\"ea-header\"><a class=\"collapsed\" id=\"ea-header-33518\" role=\"button\" data-sptoggle=\"spcollapse\" data-sptarget=\"#collapse33518\" aria-controls=\"collapse33518\" href=\"#\" aria-expanded=\"false\" tabindex=\"0\"><i aria-hidden=\"true\" role=\"presentation\" class=\"ea-expand-icon eap-icon-ea-expand-plus\"><\/i> Ile mam czasu na zwrot niewykorzystanej cz\u0119\u015bci zaliczki?<\/a><\/h3><div class=\"sp-collapse spcollapse \" id=\"collapse33518\" data-parent=\"#sp-ea-3351\" role=\"region\" aria-labelledby=\"ea-header-33518\"> <div class=\"ea-body\">Na zwrot niewykorzystanej cz\u0119\u015bci zaliczki przypada 7 dni kalendarzowych od daty zatwierdzenia sprawozdania okresowego.<\/div><\/div><\/div><div class=\"ea-card sp-ea-single\"><h3 class=\"ea-header\"><a class=\"collapsed\" id=\"ea-header-33519\" role=\"button\" data-sptoggle=\"spcollapse\" data-sptarget=\"#collapse33519\" aria-controls=\"collapse33519\" href=\"#\" aria-expanded=\"false\" tabindex=\"0\"><i aria-hidden=\"true\" role=\"presentation\" class=\"ea-expand-icon eap-icon-ea-expand-plus\"><\/i> Co je\u015bli maksymalna kwota grantu zosta\u0142a przekroczona?<\/a><\/h3><div class=\"sp-collapse spcollapse \" id=\"collapse33519\" data-parent=\"#sp-ea-3351\" role=\"region\" aria-labelledby=\"ea-header-33519\"> <div class=\"ea-body\">Aby wydatek zosta\u0142 uznany za kwalifikowany Grantobiorca powinien op\u0142aci\u0107 przekraczaj\u0105c\u0105 cz\u0119\u015b\u0107 z w\u0142asnych funduszy. Je\u015bli przekroczy\u0142 jedynie kwot\u0119 zaliczki a nie grantu mo\u017ce op\u0142aci\u0107 cz\u0119\u015b\u0107 z w\u0142asnych \u015brodk\u00f3w i z\u0142o\u017cy\u0107 wniosek o refundacje w kolejnym sprawozdaniu (je\u015bli nie ma mowy o refundacji w umowie potrzeba najpierw zrobi\u0107 do niej aneks).<\/div><\/div><\/div><div class=\"ea-card sp-ea-single\"><h3 class=\"ea-header\"><a class=\"collapsed\" id=\"ea-header-335110\" role=\"button\" data-sptoggle=\"spcollapse\" data-sptarget=\"#collapse335110\" aria-controls=\"collapse335110\" href=\"#\" aria-expanded=\"false\" tabindex=\"0\"><i aria-hidden=\"true\" role=\"presentation\" class=\"ea-expand-icon eap-icon-ea-expand-plus\"><\/i> Czy wk\u0142ad w\u0142asny jest wymagany?<\/a><\/h3><div class=\"sp-collapse spcollapse \" id=\"collapse335110\" data-parent=\"#sp-ea-3351\" role=\"region\" aria-labelledby=\"ea-header-335110\"> <div class=\"ea-body\">Wk\u0142ad w\u0142asny Grantobiorcy nie jest konieczny.<\/div><\/div><\/div><div class=\"ea-card sp-ea-single\"><h3 class=\"ea-header\"><a class=\"collapsed\" id=\"ea-header-335111\" role=\"button\" data-sptoggle=\"spcollapse\" data-sptarget=\"#collapse335111\" aria-controls=\"collapse335111\" href=\"#\" aria-expanded=\"false\" tabindex=\"0\"><i aria-hidden=\"true\" role=\"presentation\" class=\"ea-expand-icon eap-icon-ea-expand-plus\"><\/i> Czy mo\u017cna op\u0142aci\u0107 faktur\u0119 po terminie sprawozdawczym?<\/a><\/h3><div class=\"sp-collapse spcollapse \" id=\"collapse335111\" data-parent=\"#sp-ea-3351\" role=\"region\" aria-labelledby=\"ea-header-335111\"> <div class=\"ea-body\">Nie, je\u017celi faktura nie zosta\u0142a op\u0142acona w czasie okresu sprawozdawczego nie mo\u017cna si\u0119 z niej rozliczy\u0107 w sprawozdaniu za dany okres. Nadal istnieje mo\u017cliwo\u015b\u0107 rozliczenia jej w sprawozdaniu za kolejny okres.<\/div><\/div><\/div><div class=\"ea-card sp-ea-single\"><h3 class=\"ea-header\"><a class=\"collapsed\" id=\"ea-header-335112\" role=\"button\" data-sptoggle=\"spcollapse\" data-sptarget=\"#collapse335112\" aria-controls=\"collapse335112\" href=\"#\" aria-expanded=\"false\" tabindex=\"0\"><i aria-hidden=\"true\" role=\"presentation\" class=\"ea-expand-icon eap-icon-ea-expand-plus\"><\/i> Czy mo\u017cna z\u0142o\u017cy\u0107 sprawozdanie do NFZ przed zako\u0144czeniem okresu sprawozdawczego? <\/a><\/h3><div class=\"sp-collapse spcollapse \" id=\"collapse335112\" data-parent=\"#sp-ea-3351\" role=\"region\" aria-labelledby=\"ea-header-335112\"> <div class=\"ea-body\">Nie, sprawozdanie mo\u017cna z\u0142o\u017cy\u0107 najwcze\u015bniej ostatniego dnia terminu sprawozdawczego.<\/div><\/div><\/div><div class=\"ea-card sp-ea-single\"><h3 class=\"ea-header\"><a class=\"collapsed\" id=\"ea-header-335113\" role=\"button\" data-sptoggle=\"spcollapse\" data-sptarget=\"#collapse335113\" aria-controls=\"collapse335113\" href=\"#\" aria-expanded=\"false\" tabindex=\"0\"><i aria-hidden=\"true\" role=\"presentation\" class=\"ea-expand-icon eap-icon-ea-expand-plus\"><\/i> Zgodnie z ustaw\u0105 nie mo\u017cna wykona\u0107 podzielonej p\u0142atno\u015bci do faktury pro forma. Co w przypadku, gdy mamy niewystarczaj\u0105ce \u015brodki na koncie projektowym, a nale\u017cy zap\u0142aci\u0107 za faktur\u0119 pro form\u0119?<\/a><\/h3><div class=\"sp-collapse spcollapse \" id=\"collapse335113\" data-parent=\"#sp-ea-3351\" role=\"region\" aria-labelledby=\"ea-header-335113\"> <div class=\"ea-body\">Nie mo\u017cna zastosowa\u0107 mechanizmu podzielonej p\u0142atno\u015bci w przypadku otrzymania przed dostaw\u0105 towar\u00f3w czy \u015bwiadczeniem us\u0142ug dokumentu zwanego potocznie faktur\u0105 \u201epro forma\u201d. Dokument ten nie jest faktur\u0105 w rozumieniu przepis\u00f3w ustawy o VAT, \u017ar\u00f3d\u0142o: https:\/\/www.biznes.gov.pl\/pl\/portal\/00227.W przypadku braku \u015brodk\u00f3w zaliczki nale\u017cy r\u00f3\u017cnic\u0119 dop\u0142aci\u0107 z w\u0142asnego rachunku.<\/div><\/div><\/div><div class=\"ea-card sp-ea-single\"><h3 class=\"ea-header\"><a class=\"collapsed\" id=\"ea-header-335114\" role=\"button\" data-sptoggle=\"spcollapse\" data-sptarget=\"#collapse335114\" aria-controls=\"collapse335114\" href=\"#\" aria-expanded=\"false\" tabindex=\"0\"><i aria-hidden=\"true\" role=\"presentation\" class=\"ea-expand-icon eap-icon-ea-expand-plus\"><\/i> Co nale\u017cy zrobi\u0107 w przypadku gdy koszt sprz\u0119tu jest wy\u017cszy jak zak\u0142adany, czy cz\u0119\u015b\u0107 nierefundowana powinna zosta\u0107 zap\u0142acona z konta nie projektowego. Czy cz\u0119\u015bciowa p\u0142atno\u015b\u0107 te\u017c powinna zosta\u0107 zrealizowana podzielon\u0105 p\u0142atno\u015bci\u0105? Dotyczy to sytuacji, w kt\u00f3rej otrzymali\u015bmy od Pa\u0144stwa zaliczk\u0119 na zakupy.<\/a><\/h3><div class=\"sp-collapse spcollapse \" id=\"collapse335114\" data-parent=\"#sp-ea-3351\" role=\"region\" aria-labelledby=\"ea-header-335114\"> <div class=\"ea-body\">Wszystkie wydatki niekwalifikowalne powinny by\u0107 p\u0142acone z rachunku w\u0142asnego Grantobiorcy. Je\u015bli warto\u015b\u0107 sprz\u0119tu jest wy\u017csza ni\u017c zakres dofinansowania z projektu to p\u0142atno\u015bci dokonuje si\u0119 z dw\u00f3ch kont tj. cz\u0119\u015b\u0107 dofinansowania z rachunku projektu i cz\u0119\u015b\u0107 nierefundowana z w\u0142asnego rachunku. P\u0142atno\u015bci nale\u017cy dokonywa\u0107 zgodnie z przepisami prawa tj. Art. 108a ustawy o VAT ( Dz.U.2024.361 t.j.) wi\u0119cej na ten temat: https:\/\/www.biznes.gov.pl\/pl\/portal\/00227 . Je\u015bli warto\u015b\u0107 i przedmiot faktury zgodnie z przepisami powinny by\u0107 zrealizowane przez p\u0142atno\u015b\u0107 podzielon\u0105 to nale\u017cy z ka\u017cdego rachunku proporcjonalnie takiej p\u0142atno\u015bci cz\u0119\u015bciowej dokona\u0107.<\/div><\/div><\/div><div class=\"ea-card sp-ea-single\"><h3 class=\"ea-header\"><a class=\"collapsed\" id=\"ea-header-335115\" role=\"button\" data-sptoggle=\"spcollapse\" data-sptarget=\"#collapse335115\" aria-controls=\"collapse335115\" href=\"#\" aria-expanded=\"false\" tabindex=\"0\"><i aria-hidden=\"true\" role=\"presentation\" class=\"ea-expand-icon eap-icon-ea-expand-plus\"><\/i> Zauwa\u017cy\u0142em b\u0142\u0105d w FV. Co w takiej sytuacji mam zrobi\u0107?<\/a><\/h3><div class=\"sp-collapse spcollapse \" id=\"collapse335115\" data-parent=\"#sp-ea-3351\" role=\"region\" aria-labelledby=\"ea-header-335115\"> <div class=\"ea-body\">W przypadku b\u0142\u0119d\u00f3w na fakturze w stawkach VAT, kt\u00f3re wymagaj\u0105 skorygowania mo\u017cna dokona\u0107 tej czynno\u015bci tylko przez wystawienie faktury koryguj\u0105cej. Niedopuszczalne jest przesy\u0142anie ponownie tej samej faktury z innymi opisami (wprowadzanie do obiegu gospodarczego drugiej faktury o takim samym numerze). Korekt\u0119 nale\u017cy dokonywa\u0107 zgodnie z ustaw\u0105 o VAT oraz zasadami rachunkowo\u015bci. Niedopuszczalne jest przedk\u0142adanie tego samego dokumentu w dw\u00f3ch wersjach np. z r\u00f3\u017cni\u0105cymi si\u0119 od siebie opisami na dokumencie.<\/div><\/div><\/div><div class=\"ea-card sp-ea-single\"><h3 class=\"ea-header\"><a class=\"collapsed\" id=\"ea-header-335116\" role=\"button\" data-sptoggle=\"spcollapse\" data-sptarget=\"#collapse335116\" aria-controls=\"collapse335116\" href=\"#\" aria-expanded=\"false\" tabindex=\"0\"><i aria-hidden=\"true\" role=\"presentation\" class=\"ea-expand-icon eap-icon-ea-expand-plus\"><\/i> Na podstawie postanowie\u0144 umowy z dostawc\u0105 naliczy\u0142em kar\u0119 umown\u0105 za niedotrzymanie terminu dostawy \u2013 jak rozliczy\u0107?<\/a><\/h3><div class=\"sp-collapse spcollapse \" id=\"collapse335116\" data-parent=\"#sp-ea-3351\" role=\"region\" aria-labelledby=\"ea-header-335116\"> <div class=\"ea-body\">Potr\u0105cenie kary umownej z kwoty p\u0142atno\u015bci na rzecz dostawcy nie stoi w sprzeczno\u015bci z zasad\u0105 faktycznego poniesienia wydatk\u00f3w i nie pomniejsza wydatk\u00f3w kwalifikowanych w projekcie. Na potrzeby przedstawienia do rozliczenia wydatku pomniejszonego o naliczone kary umowne, wystarczaj\u0105cym jest opisanie dokumentu na ca\u0142o\u015b\u0107 wydatk\u00f3w kwalifikowanych z r\u00f3wnoczesnym wskazaniem wielko\u015bci naliczonej kary, potwierdzonej protoko\u0142em odbioru.Nale\u017cy opisa\u0107 dokument na ca\u0142o\u015b\u0107 wydatk\u00f3w kwalifikowanych z r\u00f3wnoczesnym wskazaniem wielko\u015bci naliczonej kary, potwierdzonej protoko\u0142em odbioru (dotyczy to przypadku potracenia wynagrodzenia dostawcy - przelew ni\u017cszy ni\u017c warto\u015b\u0107 z faktury). Je\u015bli zosta\u0142a op\u0142acona najpierw ca\u0142o\u015b\u0107 wydatk\u00f3w a potem naliczona zosta\u0142a kara i otrzymano jej zwrot od dostawcy to nale\u017cy opisa\u0107 dokument na ca\u0142o\u015b\u0107 wydatk\u00f3w kwalifikowalnych.Zaoszcz\u0119dzone w ten spos\u00f3b \u015brodki pieni\u0119\u017cne nale\u017cy przeksi\u0119gowa\u0107 z konta projektu na dedykowane dla tego rodzaju \u015brodk\u00f3w konto jednostki.<\/div><\/div><\/div><div class=\"ea-card sp-ea-single\"><h3 class=\"ea-header\"><a class=\"collapsed\" id=\"ea-header-335117\" role=\"button\" data-sptoggle=\"spcollapse\" data-sptarget=\"#collapse335117\" aria-controls=\"collapse335117\" href=\"#\" aria-expanded=\"false\" tabindex=\"0\"><i aria-hidden=\"true\" role=\"presentation\" class=\"ea-expand-icon eap-icon-ea-expand-plus\"><\/i> Czy mo\u017cna skorygowa\u0107 opis dotycz\u0105cy kwoty kwalifikowalnej na dowodzie ksi\u0119gowym (zwi\u0119kszy\u0107 kwot\u0119)?<\/a><\/h3><div class=\"sp-collapse spcollapse \" id=\"collapse335117\" data-parent=\"#sp-ea-3351\" role=\"region\" aria-labelledby=\"ea-header-335117\"> <div class=\"ea-body\">Tak, w przypadku refundacji.<\/div><\/div><\/div><div class=\"ea-card sp-ea-single\"><h3 class=\"ea-header\"><a class=\"collapsed\" id=\"ea-header-335118\" role=\"button\" data-sptoggle=\"spcollapse\" data-sptarget=\"#collapse335118\" aria-controls=\"collapse335118\" href=\"#\" aria-expanded=\"false\" tabindex=\"0\"><i aria-hidden=\"true\" role=\"presentation\" class=\"ea-expand-icon eap-icon-ea-expand-plus\"><\/i> Rachunek bankowy<\/a><\/h3><div class=\"sp-collapse spcollapse \" id=\"collapse335118\" data-parent=\"#sp-ea-3351\" role=\"region\" aria-labelledby=\"ea-header-335118\"> <div class=\"ea-body\"><ul style=\"font-weight: 400\"> <li data-leveltext=\"\uf0b7\" data-font=\"Symbol\" data-listid=\"1\" data-aria-posinset=\"1\" data-aria-level=\"1\">Z wyodr\u0119bnionego rachunku bankowego mog\u0105 by\u0107 realizowane tylko p\u0142atno\u015bci dotycz\u0105ce wydatk\u00f3w finansowanych ze \u015brodk\u00f3w Grantu.<span data-ccp-props=\"{&quot;134233279&quot;:true,&quot;201341983&quot;:0,&quot;335559739&quot;:160,&quot;335559740&quot;:259}\">\u00a0<\/span><\/li> <li data-leveltext=\"\uf0b7\" data-font=\"Symbol\" data-listid=\"1\" data-aria-posinset=\"2\" data-aria-level=\"1\">Niedozwolone jest zasilanie tego rachunku \u015brodkami w\u0142asnymi, poza sytuacj\u0105 zwrot\u00f3w (np. od kontrahent\u00f3w, ZUS lub US). W przypadku braku \u015brodk\u00f3w, p\u0142atno\u015bci mog\u0105 by\u0107 realizowane z rachunku podstawowego, a nast\u0119pnie refundowane z rachunku Grantu, z zachowaniem w\u0142a\u015bciwego opisu przelewu.<span data-ccp-props=\"{&quot;134233279&quot;:true,&quot;201341983&quot;:0,&quot;335559739&quot;:160,&quot;335559740&quot;:259}\">\u00a0<\/span><\/li> <li data-leveltext=\"\uf0b7\" data-font=\"Symbol\" data-listid=\"1\" data-aria-posinset=\"3\" data-aria-level=\"1\">Nale\u017cy zwr\u00f3ci\u0107 uwag\u0119 na obowi\u0105zek stosowania Mechanizmu Podzielonej P\u0142atno\u015bci (MPP), czyli\u00a0split\u00a0payment. Zaleca si\u0119 stosowanie MPP do realizacji wszystkich p\u0142atno\u015bci w ramach Przedsi\u0119wzi\u0119cia.<span data-ccp-props=\"{&quot;134233279&quot;:true,&quot;201341983&quot;:0,&quot;335559739&quot;:160,&quot;335559740&quot;:259}\">\u00a0<\/span><\/li><\/ul><\/div><\/div><\/div><div class=\"ea-card sp-ea-single\"><h3 class=\"ea-header\"><a class=\"collapsed\" id=\"ea-header-335119\" role=\"button\" data-sptoggle=\"spcollapse\" data-sptarget=\"#collapse335119\" aria-controls=\"collapse335119\" href=\"#\" aria-expanded=\"false\" tabindex=\"0\"><i aria-hidden=\"true\" role=\"presentation\" class=\"ea-expand-icon eap-icon-ea-expand-plus\"><\/i> Kiedy mo\u017cna zamkn\u0105\u0107 konto bankowe \u2013 Grantobiorca.<\/a><\/h3><div class=\"sp-collapse spcollapse \" id=\"collapse335119\" data-parent=\"#sp-ea-3351\" role=\"region\" aria-labelledby=\"ea-header-335119\"> <div class=\"ea-body\">Konto mo\u017cna zamkn\u0105\u0107 kiedy spe\u0142nione s\u0105 przes\u0142anki:<ul> <li>Formalne rozliczenie projektu przez instytucj\u0119;<\/li> <li>Uregulowanie ewentualnych zwrot\u00f3w\/odsetek;<\/li> <li>Brak otwartej kontroli lub czynno\u015bci sprawdzaj\u0105cych.<\/li><\/ul>Wa\u017cne, aby Grantobiorca zadba\u0142, by mie\u0107 pe\u0142n\u0105 dokumentacj\u0119 dotycz\u0105c\u0105 konta zarchiwizowan\u0105, np. pe\u0142ny wyci\u0105g, potwierdzenie salda.<\/div><\/div><\/div><div class=\"ea-card sp-ea-single\"><h3 class=\"ea-header\"><a class=\"collapsed\" id=\"ea-header-335120\" role=\"button\" data-sptoggle=\"spcollapse\" data-sptarget=\"#collapse335120\" aria-controls=\"collapse335120\" href=\"#\" aria-expanded=\"false\" tabindex=\"0\"><i aria-hidden=\"true\" role=\"presentation\" class=\"ea-expand-icon eap-icon-ea-expand-plus\"><\/i> Czy przy robotach budowlanych nale\u017cy do\u0142\u0105cza\u0107 OT<\/a><\/h3><div class=\"sp-collapse spcollapse \" id=\"collapse335120\" data-parent=\"#sp-ea-3351\" role=\"region\" aria-labelledby=\"ea-header-335120\"> <div class=\"ea-body\">To zale\u017cy od tego, co jest efektem rob\u00f3t budowlanych.Zasada og\u00f3lna (najwa\u017cniejsza)<ul> <li>OT do\u0142\u0105cza si\u0119 wtedy, gdy w wyniku rob\u00f3t budowlanych powstaje lub zwi\u0119ksza si\u0119 \u015brodek trwa\u0142y;<\/li> <li>nie do\u0142\u0105cza si\u0119 OT \u201eza same roboty\u201d, tylko za efekt maj\u0105tkowy rob\u00f3t.<\/li><\/ul>Kiedy OT JEST wymagane (najcz\u0119stsze przypadki)<ul> <li>roboty powoduj\u0105 powstanie nowego \u015brodka trwa\u0142ego np.: budowa nowego obiektu, rozbudowa, nadbudowa, wydzielenie nowego pomieszczenia spe\u0142niaj\u0105cego definicj\u0119 \u015aT. OT obowi\u0105zkowo (przyj\u0119cie do u\u017cytkowania);<\/li> <li>roboty zwi\u0119kszaj\u0105 warto\u015b\u0107 istniej\u0105cego \u015brodka trwa\u0142ego, czyli: ulepszenie, modernizacja, przebudowa, adaptacja i zwi\u0119kszaj\u0105 warto\u015b\u0107 pocz\u0105tkow\u0105 \u015aT zgodnie z ustaw\u0105 o rachunkowo\u015bci. OT (lub dokument zwi\u0119kszenia warto\u015bci \u015aT) jest wymagany.<\/li><\/ul>Kiedy OT NIE jest wymagane<ul> <li>roboty maj\u0105 charakter remontowy, czyli: odtworzeniowy, bez zmiany funkcji, bez zwi\u0119kszenia warto\u015bci u\u017cytkowej i s\u0105: ksi\u0119gowane bezpo\u015brednio w koszty, nie zwi\u0119kszaj\u0105 warto\u015bci \u015aT. OT nie jest wymagane, ale musi to jasno wynika\u0107 z ewidencji ksi\u0119gowej i opisu projektu;<\/li> <li>roboty s\u0105 w toku (\u015aT w budowie), je\u015bli: roboty nie s\u0105 zako\u0144czone, obiekt nie zosta\u0142 przyj\u0119ty do u\u017cytkowania, OT jeszcze nie ma \u2014 wtedy: pokazuje si\u0119 ksi\u0119gowania na \u015aT w budowie. OT b\u0119dzie wymagane przy ko\u0144cowym rozliczeniu.<\/li><\/ul>Jak patrz\u0105 na to kontrolerzy \u2013 w projektach takich jak FEnIKS kontroler sprawdza: czy wydatek jest inwestycyjny, czy powsta\u0142 konkretny sk\u0142adnik maj\u0105tku, czy zosta\u0142 wprowadzony do ewidencji \u015aT. Je\u015bli tak \u2192 brak OT = wezwanie do uzupe\u0142nienia albo korekta.<\/div><\/div><\/div><div class=\"ea-card sp-ea-single\"><h3 class=\"ea-header\"><a class=\"collapsed\" id=\"ea-header-335121\" role=\"button\" data-sptoggle=\"spcollapse\" data-sptarget=\"#collapse335121\" aria-controls=\"collapse335121\" href=\"#\" aria-expanded=\"false\" tabindex=\"0\"><i aria-hidden=\"true\" role=\"presentation\" class=\"ea-expand-icon eap-icon-ea-expand-plus\"><\/i> Czy przy robotach budowlanych nale\u017cy do\u0142\u0105cza\u0107 OT \u2013 a co z tymi co s\u0105 na KPiR (Ksi\u0119ga Przychod\u00f3w i Rozchod\u00f3w)?<\/a><\/h3><div class=\"sp-collapse spcollapse \" id=\"collapse335121\" data-parent=\"#sp-ea-3351\" role=\"region\" aria-labelledby=\"ea-header-335121\"> <div class=\"ea-body\"><ul> <li>ewidencja \u015arodk\u00f3w Trwa\u0142ych (wydruk \/ PDF);<\/li> <li>protok\u00f3\u0142 przyj\u0119cia do u\u017cytkowania (wewn\u0119trzny);<\/li> <li>faktury za roboty;<\/li> <li>opis ksi\u0119gowy powi\u0105zany z projektem.<\/li><\/ul>\u201eW przypadku beneficjent\u00f3w prowadz\u0105cych KPiR \u2013 dokument potwierdzaj\u0105cy przyj\u0119cie \u015brodka trwa\u0142ego do u\u017cytkowania oraz wpis do ewidencji \u015brodk\u00f3w trwa\u0142ych (dokument r\u00f3wnowa\u017cny OT).\u201d<\/div><\/div><\/div><div class=\"ea-card sp-ea-single\"><h3 class=\"ea-header\"><a class=\"collapsed\" id=\"ea-header-335122\" role=\"button\" data-sptoggle=\"spcollapse\" data-sptarget=\"#collapse335122\" aria-controls=\"collapse335122\" href=\"#\" aria-expanded=\"false\" tabindex=\"0\"><i aria-hidden=\"true\" role=\"presentation\" class=\"ea-expand-icon eap-icon-ea-expand-plus\"><\/i> W umowie grantowej (HRP) pozycja nazywa si\u0119 \"zestaw komputerowy\/All in One\" a na fakturze jest pozycja \"XYZ AIO i7-13700 16GB 512 W11P\". Jak prawid\u0142owo rozliczy\u0107 tak\u0105 pozycje?<\/a><\/h3><div class=\"sp-collapse spcollapse \" id=\"collapse335122\" data-parent=\"#sp-ea-3351\" role=\"region\" aria-labelledby=\"ea-header-335122\"> <div class=\"ea-body\">W takim przypadku powinien istnie\u0107 dokument \u0142\u0105cz\u0105cy faktur\u0119 z wnioskiem\/umow\u0105 o powierzenie grantu, tj. o\u015bwiadczenie, \u017ce pozycja na FV jest zgodna z zakresem wskazanym we wniosku o powierzenie grantu\/umowie.<\/div><\/div><\/div><div class=\"ea-card sp-ea-single\"><h3 class=\"ea-header\"><a class=\"collapsed\" id=\"ea-header-335123\" role=\"button\" data-sptoggle=\"spcollapse\" data-sptarget=\"#collapse335123\" aria-controls=\"collapse335123\" href=\"#\" aria-expanded=\"false\" tabindex=\"0\"><i aria-hidden=\"true\" role=\"presentation\" class=\"ea-expand-icon eap-icon-ea-expand-plus\"><\/i> Jak Grantobiorcy, kt\u00f3rzy nie prowadz\u0105 pe\u0142nej ksi\u0119gowo\u015bci, maj\u0105 spe\u0142ni\u0107 wym\u00f3g prowadzenia wyodr\u0119bnionej ewidencji dla Przedsi\u0119wzi\u0119cia i co traktowane jest jako wyci\u0105g z ewidencji ksi\u0105g rachunkowych w przypadku sk\u0142adania sprawozdania?<\/a><\/h3><div class=\"sp-collapse spcollapse \" id=\"collapse335123\" data-parent=\"#sp-ea-3351\" role=\"region\" aria-labelledby=\"ea-header-335123\"> <div class=\"ea-body\">Grantobiorcy nieprowadz\u0105cy pe\u0142nej ksi\u0119gowo\u015bci mog\u0105 spe\u0142ni\u0107 wym\u00f3g prowadzenia wyodr\u0119bnionej ewidencji projektu poprzez <strong>comiesi\u0119czne sporz\u0105dzanie zestawienia poniesionych wydatk\u00f3w<\/strong> w formie arkusza kalkulacyjnego (Excel). Zestawienie to przygotowuje si\u0119 <strong>na koniec ka\u017cdego miesi\u0105ca<\/strong>, a jego wz\u00f3r okre\u015blono w <strong>Za\u0142\u0105czniku nr 3 do Zalece\u0144<\/strong>.W sprawozdaniu okresowym Grantobiorca musi wykaza\u0107 wszystkie dokonane wydatki wraz ze skanami dokument\u00f3w potwierdzaj\u0105cych ich poniesienie, tj.:<ul> <li><strong>dow\u00f3d ksi\u0119gowy<\/strong> (zgodny z przepisami krajowymi i unijnymi),<\/li> <li><strong>dow\u00f3d zap\u0142aty<\/strong> (np. potwierdzenie przelewu bankowego),<\/li> <li><strong>wyci\u0105g z ewidencji ksi\u0105g rachunkowych<\/strong> potwierdzaj\u0105cy uj\u0119cie wydatku.<\/li><\/ul>W przypadku Grantobiorc\u00f3w <strong>nieprowadz\u0105cych pe\u0142nej ksi\u0119gowo\u015bci<\/strong>, za taki \u201ewyci\u0105g z ewidencji ksi\u0105g rachunkowych\u201d uznaje si\u0119 <strong>PKPiR (Podatkow\u0105 Ksi\u0119g\u0119 Przychod\u00f3w i Rozchod\u00f3w)<\/strong>.<\/div><\/div><\/div><\/div><\/div>\n\n\n\n<p class=\"wp-block-paragraph\"><\/p>\n","protected":false},"excerpt":{"rendered":"<p>Sk\u0142adanie wniosku Rozpatrywanie wniosk\u00f3w i og\u0142aszanie wynik\u00f3w przyznania grant\u00f3w Podpisanie umowy Udzielanie zam\u00f3wie\u0144 przez grantobiorc\u0119 i klasyfikowanie wydatk\u00f3w Obowi\u0105zki informacyjno-promocyjne grantobiorcy Przekazanie i rozliczenie grantu<\/p>\n","protected":false},"author":1,"featured_media":0,"parent":0,"menu_order":0,"comment_status":"closed","ping_status":"closed","template":"","meta":{"_crdt_document":"","footnotes":""},"class_list":["post-743","page","type-page","status-publish","hentry"],"_links":{"self":[{"href":"https:\/\/feniks.nfz.gov.pl\/index.php\/wp-json\/wp\/v2\/pages\/743","targetHints":{"allow":["GET"]}}],"collection":[{"href":"https:\/\/feniks.nfz.gov.pl\/index.php\/wp-json\/wp\/v2\/pages"}],"about":[{"href":"https:\/\/feniks.nfz.gov.pl\/index.php\/wp-json\/wp\/v2\/types\/page"}],"author":[{"embeddable":true,"href":"https:\/\/feniks.nfz.gov.pl\/index.php\/wp-json\/wp\/v2\/users\/1"}],"replies":[{"embeddable":true,"href":"https:\/\/feniks.nfz.gov.pl\/index.php\/wp-json\/wp\/v2\/comments?post=743"}],"version-history":[{"count":11,"href":"https:\/\/feniks.nfz.gov.pl\/index.php\/wp-json\/wp\/v2\/pages\/743\/revisions"}],"predecessor-version":[{"id":3607,"href":"https:\/\/feniks.nfz.gov.pl\/index.php\/wp-json\/wp\/v2\/pages\/743\/revisions\/3607"}],"wp:attachment":[{"href":"https:\/\/feniks.nfz.gov.pl\/index.php\/wp-json\/wp\/v2\/media?parent=743"}],"curies":[{"name":"wp","href":"https:\/\/api.w.org\/{rel}","templated":true}]}}