{"id":3542,"date":"2026-03-06T09:01:09","date_gmt":"2026-03-06T09:01:09","guid":{"rendered":"https:\/\/feniks.nfz.gov.pl\/?page_id=3542"},"modified":"2026-03-09T10:55:33","modified_gmt":"2026-03-09T10:55:33","slug":"dokumenty-aplikacyjne-ii-nabor-aktualne","status":"publish","type":"page","link":"https:\/\/feniks.nfz.gov.pl\/index.php\/dokumenty-aplikacyjne-ii-nabor-aktualne\/","title":{"rendered":"Dokumenty aplikacyjne II nab\u00f3r &#8211; aktualne"},"content":{"rendered":"\n<h1 class=\"wp-block-heading\">Wniosek o powierzenie grantu \u2013 II nab\u00f3r<\/h1>\n\n\n\n<p class=\"wp-block-paragraph\">Wnioski o powierzenie grantu mo\u017cna sk\u0142ada\u0107 <strong>od dnia 6 marca 2026 r. od godz. 10:00<\/strong> w aplikacji dost\u0119pnej pod adresem: <a href=\"https:\/\/granty.nfz.gov.pl\/\" target=\"_blank\" rel=\"noreferrer noopener\"><strong>https:\/\/granty.nfz.gov.pl\/<\/strong><\/a>\u00a0<\/p>\n\n\n\n<p class=\"wp-block-paragraph\" style=\"margin-top:var(--wp--preset--spacing--30);margin-bottom:var(--wp--preset--spacing--30)\"><strong>Czas trwania drugiego naboru wniosk\u00f3w o powierzenie grantu wynosi 30 dni kalendarzowych, czyli do 7 kwietnia 2026 r. do godz. 23:59.<\/strong><\/p>\n\n\n\n<p class=\"wp-block-paragraph\">Wniosek oraz za\u0142\u0105czniki do Wniosku (z wy\u0142\u0105czeniem pe\u0142nomocnictwa lub dokumentu potwierdzaj\u0105cego uprawnienie Wnioskodawcy, np. KRS) musz\u0105 zosta\u0107 podpisane podpisem elektronicznym weryfikowanym za pomoc\u0105 wa\u017cnego kwalifikowanego certyfikatu przez osob\u0119 uprawnion\u0105 do reprezentowania Wnioskodawcy. W przypadku braku posiadania kwalifikowanego podpisu elektronicznego Wnioskodawca mo\u017ce podpisa\u0107 Wniosek oraz za\u0142\u0105czniki do Wniosku (z wy\u0142\u0105czeniem pe\u0142nomocnictwa) podpisem zaufanym, podpisem osobistym, tj. zaawansowanym podpisem elektronicznym.<\/p>\n\n\n\n<div style=\"height:var(--wp--preset--spacing--30)\" aria-hidden=\"true\" class=\"wp-block-spacer\"><\/div>\n\n\n\n<p class=\"wp-block-paragraph\"><a href=\"https:\/\/feniks.nfz.gov.pl\/wp-content\/uploads\/2025\/01\/Zal.-2b-do-Wniosku-wzor-oswiadczenia-dot.-dofinansowania-z-innych-zrodel-4.docx\"><img loading=\"lazy\" decoding=\"async\" width=\"20\" height=\"20\" class=\"wp-image-3083\" style=\"width: 20px;\" src=\"https:\/\/feniks.nfz.gov.pl\/wp-content\/uploads\/2026\/02\/Ikonka_PLIK_WORD-e1772188017273.png\" alt=\"Ikonka MsWord\"><\/a><a href=\"https:\/\/feniks.nfz.gov.pl\/wp-content\/uploads\/2026\/02\/Zalacznik-nr-2-do-Procedury-wzor-wniosku.docx\">&nbsp;Za\u0142\u0105cznik nr 2 do Procedury \u2013 wz\u00f3r wniosku<\/a><\/p>\n\n\n\n<div class=\"wp-block-file\"><a id=\"wp-block-file--media-53ab6e55-80b7-4d02-92a7-20af19f220c0\" href=\"https:\/\/feniks.nfz.gov.pl\/wp-content\/uploads\/2026\/03\/Zal.-2a-do-Wniosku-Oswiadczenie-o-dysponowaniu-nieruchomoscia.docx\"><img loading=\"lazy\" decoding=\"async\" width=\"20\" height=\"20\" class=\"wp-image-3083\" style=\"width: 20px;\" src=\"https:\/\/feniks.nfz.gov.pl\/wp-content\/uploads\/2026\/02\/Ikonka_PLIK_WORD-e1772188017273.png\" alt=\"Ikonka MsWord\">&nbsp;Za\u0142. 2a do Wniosku O\u015bwiadczenie o dysponowaniu nieruchomo\u015bcia<\/a><\/div>\n\n\n\n<div class=\"wp-block-file\"><a id=\"wp-block-file--media-5f7dc20d-f3d7-417c-978f-31c1b788f3a3\" href=\"https:\/\/feniks.nfz.gov.pl\/wp-content\/uploads\/2026\/03\/Zal.-2b-do-Wniosku-Oswiadczenie-dot.-dofinansowania-z-innych-zrodel.docx\"><img loading=\"lazy\" decoding=\"async\" width=\"20\" height=\"20\" class=\"wp-image-3083\" style=\"width: 20px;\" src=\"https:\/\/feniks.nfz.gov.pl\/wp-content\/uploads\/2026\/02\/Ikonka_PLIK_WORD-e1772188017273.png\" alt=\"Ikonka MsWord\">&nbsp;Za\u0142. 2b do Wniosku O\u015bwiadczenie dot. dofinansowania z innych \u017arode\u0142<\/a><\/div>\n\n\n\n<div class=\"wp-block-file\"><a id=\"wp-block-file--media-0bfb42ec-9c3f-41c5-b90d-7884c7fe243b\" href=\"https:\/\/feniks.nfz.gov.pl\/wp-content\/uploads\/2026\/03\/Zal.-2c-do-Wniosku-Oswiadczenie-Grantobiorcy-dot.-zgodnosci-z-przepisami-pomocy-publicznej.docx\"><img loading=\"lazy\" decoding=\"async\" width=\"20\" height=\"20\" class=\"wp-image-3083\" style=\"width: 20px;\" src=\"https:\/\/feniks.nfz.gov.pl\/wp-content\/uploads\/2026\/02\/Ikonka_PLIK_WORD-e1772188017273.png\" alt=\"Ikonka MsWord\">&nbsp;Za\u0142. 2c do Wniosku O\u015bwiadczenie Grantobiorcy dot. zgodno\u015bci z przepisami pomocy publicznej<\/a><\/div>\n\n\n\n<p class=\"wp-block-paragraph\"><a href=\"https:\/\/feniks.nfz.gov.pl\/wp-content\/uploads\/2025\/02\/Zalacznik-nr-5-do-umowy-HP.xlsx\"><img loading=\"lazy\" decoding=\"async\" width=\"20\" height=\"20\" class=\"wp-image-3080\" style=\"width: 20px;\" src=\"https:\/\/feniks.nfz.gov.pl\/wp-content\/uploads\/2026\/02\/Ikonka_PLIK_EXEL-e1772187953592.png\" alt=\"Ikonka MSExel\"><\/a><a href=\"https:\/\/feniks.nfz.gov.pl\/wp-content\/uploads\/2026\/02\/Zalacznik-nr-7-do-Wniosku-Harmonogram-Realizacji-Przedsiewziecia-1.xlsx\">&nbsp;Za\u0142\u0105cznik nr 7 do Wniosku- Harmonogram Realizacji Przedsi\u0119wzi\u0119cia<\/a><\/p>\n\n\n\n<div class=\"wp-block-file\"><a id=\"wp-block-file--media-71324d68-8a77-4f5b-bb6c-a549583e924d\" href=\"https:\/\/feniks.nfz.gov.pl\/wp-content\/uploads\/2026\/03\/Przykladowo-wypelniony-zalacznik-4-HRP-do-wniosku.xlsx\"><img decoding=\"async\" crossorigin=\"anonymous\" class=\"wp-image-3080\" style=\"width: 25px;\" src=\"https:\/\/feniks.nfz.gov.pl\/wp-content\/uploads\/2026\/02\/Ikonka_PLIK_EXEL.png\" alt=\"\"> Przyk\u0142adowo wype\u0142niony za\u0142\u0105cznik 7 HRP do wniosku<\/a><\/div>\n\n\n\n<div class=\"wp-block-file\"><a id=\"wp-block-file--media-3e7feeb6-d216-4a36-a888-879ee6b587de\" href=\"https:\/\/feniks.nfz.gov.pl\/wp-content\/uploads\/2026\/03\/Wzor-Zalacznik-do-Planu-Dzialan-Profilaktycznych-propozycje-zwiazane-z-edukacja-i-profilaktyka-\u2014-kopia.docx\"><img decoding=\"async\" crossorigin=\"anonymous\" class=\"wp-image-3083\" style=\"width: 25px;\" src=\"https:\/\/feniks.nfz.gov.pl\/wp-content\/uploads\/2026\/02\/Ikonka_PLIK_WORD.png\" alt=\"\"> Wzor-Zalacznik-do-Planu-Dzialan-Profilaktycznych-propozycje-zwiazane-z-edukacja-i-profilaktyka<\/a><\/div>\n\n\n\n<div class=\"wp-block-file\"><a id=\"wp-block-file--media-c85610b4-3f0e-45cc-a7a7-5a83e57ac0d8\" href=\"https:\/\/feniks.nfz.gov.pl\/wp-content\/uploads\/2026\/03\/Wzor-Zalacznik-do-Planu-Dzialan-Profilaktycznych-propozycje-zwiazane-z-edukacja-i-profilaktyka-wersja-czarno-biala-1.docx\"><img decoding=\"async\" crossorigin=\"anonymous\" class=\"wp-image-3083\" style=\"width: 25px;\" src=\"https:\/\/feniks.nfz.gov.pl\/wp-content\/uploads\/2026\/02\/Ikonka_PLIK_WORD.png\" alt=\"\"> Wzor-Zalacznik-do-Planu-Dzialan-Profilaktycznych-propozycje-zwiazane-z-edukacja-i-profilaktyka-wersja-czarno-bia\u0142a<\/a><\/div>\n\n\n\n<div class=\"wp-block-file\"><a id=\"wp-block-file--media-20fa1cae-94d8-447a-824d-a752c47c816c\" href=\"https:\/\/feniks.nfz.gov.pl\/wp-content\/uploads\/2026\/03\/Wzor-Plan-Dzialan-Profilaktycznych-wersja-czarno-biala.docx\"><img decoding=\"async\" crossorigin=\"anonymous\" class=\"wp-image-3083\" style=\"width: 25px;\" src=\"https:\/\/feniks.nfz.gov.pl\/wp-content\/uploads\/2026\/02\/Ikonka_PLIK_WORD.png\" alt=\"\"> Wzor-Plan-Dzialan-Profilaktycznych-wersja-czarno-bia\u0142a<\/a><\/div>\n\n\n\n<div class=\"wp-block-file\"><a id=\"wp-block-file--media-3f6c02eb-bb81-4657-a78a-72401a68d52d\" href=\"https:\/\/feniks.nfz.gov.pl\/wp-content\/uploads\/2026\/03\/Wzor-Plan-Dzialan-Profilaktycznych.docx\"><img decoding=\"async\" crossorigin=\"anonymous\" class=\"wp-image-3083\" style=\"width: 25px;\" src=\"https:\/\/feniks.nfz.gov.pl\/wp-content\/uploads\/2026\/02\/Ikonka_PLIK_WORD.png\" alt=\"\"> Wzor-Plan-Dzialan-Profilaktycznych<\/a><\/div>\n\n\n\n<p class=\"wp-block-paragraph\"><\/p>\n","protected":false},"excerpt":{"rendered":"<p>Wniosek o powierzenie grantu \u2013 II nab\u00f3r Wnioski o powierzenie grantu mo\u017cna sk\u0142ada\u0107 od dnia 6 marca 2026 r. od godz. 10:00 w aplikacji dost\u0119pnej pod adresem: https:\/\/granty.nfz.gov.pl\/\u00a0 Czas trwania drugiego naboru wniosk\u00f3w o powierzenie grantu wynosi 30 dni kalendarzowych, czyli do 7 kwietnia 2026 r. do godz. 23:59. Wniosek oraz za\u0142\u0105czniki do Wniosku (z [&hellip;]<\/p>\n","protected":false},"author":9,"featured_media":0,"parent":0,"menu_order":0,"comment_status":"closed","ping_status":"closed","template":"","meta":{"_crdt_document":"","footnotes":""},"class_list":["post-3542","page","type-page","status-publish","hentry"],"_links":{"self":[{"href":"https:\/\/feniks.nfz.gov.pl\/index.php\/wp-json\/wp\/v2\/pages\/3542","targetHints":{"allow":["GET"]}}],"collection":[{"href":"https:\/\/feniks.nfz.gov.pl\/index.php\/wp-json\/wp\/v2\/pages"}],"about":[{"href":"https:\/\/feniks.nfz.gov.pl\/index.php\/wp-json\/wp\/v2\/types\/page"}],"author":[{"embeddable":true,"href":"https:\/\/feniks.nfz.gov.pl\/index.php\/wp-json\/wp\/v2\/users\/9"}],"replies":[{"embeddable":true,"href":"https:\/\/feniks.nfz.gov.pl\/index.php\/wp-json\/wp\/v2\/comments?post=3542"}],"version-history":[{"count":6,"href":"https:\/\/feniks.nfz.gov.pl\/index.php\/wp-json\/wp\/v2\/pages\/3542\/revisions"}],"predecessor-version":[{"id":3580,"href":"https:\/\/feniks.nfz.gov.pl\/index.php\/wp-json\/wp\/v2\/pages\/3542\/revisions\/3580"}],"wp:attachment":[{"href":"https:\/\/feniks.nfz.gov.pl\/index.php\/wp-json\/wp\/v2\/media?parent=3542"}],"curies":[{"name":"wp","href":"https:\/\/api.w.org\/{rel}","templated":true}]}}